{"id":4617,"date":"2024-08-27T15:38:14","date_gmt":"2024-08-27T15:38:14","guid":{"rendered":"http:\/\/fundacionroemmers.org.ar\/?page_id=4617"},"modified":"2025-06-27T14:25:35","modified_gmt":"2025-06-27T14:25:35","slug":"digital-library-unlogged","status":"publish","type":"page","link":"https:\/\/fundacionroemmers.org.ar\/en\/digital-library-unlogged\/","title":{"rendered":"Digital Library nologueado"},"content":{"rendered":"<div data-elementor-type=\"wp-page\" data-elementor-id=\"4617\" class=\"elementor elementor-4617\" data-elementor-post-type=\"page\">\n\t\t\t\t<div class=\"elementor-element elementor-element-bcf6241 e-con-full e-flex e-con e-parent\" data-id=\"bcf6241\" data-element_type=\"container\" data-settings=\"{&quot;background_background&quot;:&quot;classic&quot;}\">\n\t\t\t\t<div class=\"elementor-element elementor-element-2fe03ae elementor-widget elementor-widget-heading\" data-id=\"2fe03ae\" data-element_type=\"widget\" data-widget_type=\"heading.default\">\n\t\t\t\t<div class=\"elementor-widget-container\">\n\t\t\t<style>\/*! elementor - v3.23.0 - 25-07-2024 *\/\n.elementor-heading-title{padding:0;margin:0;line-height:1}.elementor-widget-heading .elementor-heading-title[class*=elementor-size-]>a{color:inherit;font-size:inherit;line-height:inherit}.elementor-widget-heading .elementor-heading-title.elementor-size-small{font-size:15px}.elementor-widget-heading .elementor-heading-title.elementor-size-medium{font-size:19px}.elementor-widget-heading .elementor-heading-title.elementor-size-large{font-size:29px}.elementor-widget-heading .elementor-heading-title.elementor-size-xl{font-size:39px}.elementor-widget-heading .elementor-heading-title.elementor-size-xxl{font-size:59px}<\/style><h2 class=\"elementor-heading-title elementor-size-default\">Digital Library<\/h2>\t\t<\/div>\n\t\t\t\t<\/div>\n\t\t\t\t<\/div>\n\t\t<div class=\"elementor-element elementor-element-19bcc787 e-con-full e-flex e-con e-parent\" data-id=\"19bcc787\" data-element_type=\"container\">\n\t\t<div class=\"elementor-element elementor-element-71981b9f e-con-full e-flex e-con e-child\" data-id=\"71981b9f\" data-element_type=\"container\">\n\t\t<div class=\"elementor-element elementor-element-48697a63 e-con-full e-flex e-con e-child\" data-id=\"48697a63\" data-element_type=\"container\" data-settings=\"{&quot;background_background&quot;:&quot;classic&quot;}\">\n\t\t\t\t<div class=\"elementor-element elementor-element-2aa483c0 elementor-position-top elementor-position-top elementor-widget elementor-widget-image-box\" data-id=\"2aa483c0\" data-element_type=\"widget\" data-widget_type=\"image-box.default\">\n\t\t\t\t<div class=\"elementor-widget-container\">\n\t\t\t<style>.elementor-widget-image-box .elementor-image-box-content{width:100%}@media (min-width:768px){.elementor-widget-image-box.elementor-position-left .elementor-image-box-wrapper,.elementor-widget-image-box.elementor-position-right .elementor-image-box-wrapper{display:flex}.elementor-widget-image-box.elementor-position-right .elementor-image-box-wrapper{text-align:end;flex-direction:row-reverse}.elementor-widget-image-box.elementor-position-left .elementor-image-box-wrapper{text-align:start;flex-direction:row}.elementor-widget-image-box.elementor-position-top .elementor-image-box-img{margin:auto}.elementor-widget-image-box.elementor-vertical-align-top .elementor-image-box-wrapper{align-items:flex-start}.elementor-widget-image-box.elementor-vertical-align-middle .elementor-image-box-wrapper{align-items:center}.elementor-widget-image-box.elementor-vertical-align-bottom .elementor-image-box-wrapper{align-items:flex-end}}@media (max-width:767px){.elementor-widget-image-box .elementor-image-box-img{margin-left:auto!important;margin-right:auto!important;margin-bottom:15px}}.elementor-widget-image-box .elementor-image-box-img{display:inline-block}.elementor-widget-image-box .elementor-image-box-title a{color:inherit}.elementor-widget-image-box .elementor-image-box-wrapper{text-align:center}.elementor-widget-image-box .elementor-image-box-description{margin:0}<\/style><div class=\"elementor-image-box-wrapper\"><figure class=\"elementor-image-box-img\"><a href=\"#elementor-action%3Aaction%3Dpopup%3Aopen%26settings%3DeyJpZCI6IjU3NDEiLCJ0b2dnbGUiOmZhbHNlfQ%3D%3D\" tabindex=\"-1\"><img fetchpriority=\"high\" decoding=\"async\" width=\"753\" height=\"1065\" src=\"https:\/\/fundacionroemmers.org.ar\/wp-content\/uploads\/2025\/02\/TAPA-XXXIV.jpg\" class=\"attachment-full size-full wp-image-6609\" alt=\"\" srcset=\"https:\/\/fundacionroemmers.org.ar\/wp-content\/uploads\/2025\/02\/TAPA-XXXIV.jpg 753w, https:\/\/fundacionroemmers.org.ar\/wp-content\/uploads\/2025\/02\/TAPA-XXXIV-212x300.jpg 212w, https:\/\/fundacionroemmers.org.ar\/wp-content\/uploads\/2025\/02\/TAPA-XXXIV-724x1024.jpg 724w, https:\/\/fundacionroemmers.org.ar\/wp-content\/uploads\/2025\/02\/TAPA-XXXIV-8x12.jpg 8w\" sizes=\"(max-width: 753px) 100vw, 753px\" \/><\/a><\/figure><\/div>\t\t<\/div>\n\t\t\t\t<\/div>\n\t\t\t\t<div class=\"elementor-element elementor-element-61a43ffc elementor-widget elementor-widget-heading\" data-id=\"61a43ffc\" data-element_type=\"widget\" data-widget_type=\"heading.default\">\n\t\t\t\t<div class=\"elementor-widget-container\">\n\t\t\t<h2 class=\"elementor-heading-title elementor-size-default\">Anales de la Fundaci\u00f3n Alberto J. Roemmers Vol. XXXIV - 2024<\/h2>\t\t<\/div>\n\t\t\t\t<\/div>\n\t\t\t\t<\/div>\n\t\t<div class=\"elementor-element elementor-element-282cbd6b e-con-full e-flex e-con e-child\" data-id=\"282cbd6b\" data-element_type=\"container\" data-settings=\"{&quot;background_background&quot;:&quot;classic&quot;}\">\n\t\t\t\t<div class=\"elementor-element elementor-element-63e45124 elementor-position-top elementor-position-top elementor-widget elementor-widget-image-box\" data-id=\"63e45124\" data-element_type=\"widget\" data-widget_type=\"image-box.default\">\n\t\t\t\t<div class=\"elementor-widget-container\">\n\t\t\t<div class=\"elementor-image-box-wrapper\"><figure class=\"elementor-image-box-img\"><a href=\"#elementor-action%3Aaction%3Dpopup%3Aopen%26settings%3DeyJpZCI6IjU3NDEiLCJ0b2dnbGUiOmZhbHNlfQ%3D%3D\" tabindex=\"-1\"><img decoding=\"async\" width=\"1810\" height=\"2560\" src=\"https:\/\/fundacionroemmers.org.ar\/wp-content\/uploads\/2025\/02\/TAPA-XXXIII-scaled.jpg\" class=\"attachment-full size-full wp-image-6610\" alt=\"\" srcset=\"https:\/\/fundacionroemmers.org.ar\/wp-content\/uploads\/2025\/02\/TAPA-XXXIII-scaled.jpg 1810w, https:\/\/fundacionroemmers.org.ar\/wp-content\/uploads\/2025\/02\/TAPA-XXXIII-212x300.jpg 212w, https:\/\/fundacionroemmers.org.ar\/wp-content\/uploads\/2025\/02\/TAPA-XXXIII-724x1024.jpg 724w, https:\/\/fundacionroemmers.org.ar\/wp-content\/uploads\/2025\/02\/TAPA-XXXIII-768x1086.jpg 768w, https:\/\/fundacionroemmers.org.ar\/wp-content\/uploads\/2025\/02\/TAPA-XXXIII-1086x1536.jpg 1086w, https:\/\/fundacionroemmers.org.ar\/wp-content\/uploads\/2025\/02\/TAPA-XXXIII-1448x2048.jpg 1448w, https:\/\/fundacionroemmers.org.ar\/wp-content\/uploads\/2025\/02\/TAPA-XXXIII-8x12.jpg 8w\" sizes=\"(max-width: 1810px) 100vw, 1810px\" \/><\/a><\/figure><\/div>\t\t<\/div>\n\t\t\t\t<\/div>\n\t\t\t\t<div class=\"elementor-element elementor-element-42a88ec9 elementor-widget elementor-widget-heading\" data-id=\"42a88ec9\" data-element_type=\"widget\" data-widget_type=\"heading.default\">\n\t\t\t\t<div class=\"elementor-widget-container\">\n\t\t\t<h2 class=\"elementor-heading-title elementor-size-default\">Anales de la Fundaci\u00f3n Alberto J. Roemmers Vol. XXXIII - 2023<\/h2>\t\t<\/div>\n\t\t\t\t<\/div>\n\t\t\t\t<\/div>\n\t\t<div class=\"elementor-element elementor-element-55bf5720 e-con-full e-flex e-con e-child\" data-id=\"55bf5720\" data-element_type=\"container\" data-settings=\"{&quot;background_background&quot;:&quot;classic&quot;}\">\n\t\t\t\t<div class=\"elementor-element elementor-element-753868ae elementor-position-top elementor-position-top elementor-widget elementor-widget-image-box\" data-id=\"753868ae\" data-element_type=\"widget\" data-widget_type=\"image-box.default\">\n\t\t\t\t<div class=\"elementor-widget-container\">\n\t\t\t<div class=\"elementor-image-box-wrapper\"><figure class=\"elementor-image-box-img\"><a href=\"#elementor-action%3Aaction%3Dpopup%3Aopen%26settings%3DeyJpZCI6IjU3NDEiLCJ0b2dnbGUiOmZhbHNlfQ%3D%3D\" tabindex=\"-1\"><img decoding=\"async\" width=\"596\" height=\"842\" src=\"https:\/\/fundacionroemmers.org.ar\/wp-content\/uploads\/2025\/02\/TAPA-XXXII.jpg\" class=\"attachment-full size-full wp-image-6611\" alt=\"\" srcset=\"https:\/\/fundacionroemmers.org.ar\/wp-content\/uploads\/2025\/02\/TAPA-XXXII.jpg 596w, https:\/\/fundacionroemmers.org.ar\/wp-content\/uploads\/2025\/02\/TAPA-XXXII-212x300.jpg 212w, https:\/\/fundacionroemmers.org.ar\/wp-content\/uploads\/2025\/02\/TAPA-XXXII-8x12.jpg 8w\" sizes=\"(max-width: 596px) 100vw, 596px\" \/><\/a><\/figure><\/div>\t\t<\/div>\n\t\t\t\t<\/div>\n\t\t\t\t<div class=\"elementor-element elementor-element-753c114f elementor-widget elementor-widget-heading\" data-id=\"753c114f\" data-element_type=\"widget\" data-widget_type=\"heading.default\">\n\t\t\t\t<div class=\"elementor-widget-container\">\n\t\t\t<h2 class=\"elementor-heading-title elementor-size-default\">Anales de la Fundaci\u00f3n Alberto J. Roemmers Vol. XXXII - 2021<\/h2>\t\t<\/div>\n\t\t\t\t<\/div>\n\t\t\t\t<\/div>\n\t\t<div class=\"elementor-element elementor-element-58b059e4 e-con-full e-flex e-con e-child\" data-id=\"58b059e4\" data-element_type=\"container\" data-settings=\"{&quot;background_background&quot;:&quot;classic&quot;}\">\n\t\t\t\t<div class=\"elementor-element elementor-element-2ff4a3d0 elementor-position-top elementor-position-top elementor-widget elementor-widget-image-box\" data-id=\"2ff4a3d0\" data-element_type=\"widget\" data-widget_type=\"image-box.default\">\n\t\t\t\t<div class=\"elementor-widget-container\">\n\t\t\t<div class=\"elementor-image-box-wrapper\"><figure class=\"elementor-image-box-img\"><a href=\"#elementor-action%3Aaction%3Dpopup%3Aopen%26settings%3DeyJpZCI6IjU3NDEiLCJ0b2dnbGUiOmZhbHNlfQ%3D%3D\" tabindex=\"-1\"><img loading=\"lazy\" decoding=\"async\" width=\"1241\" height=\"1755\" src=\"https:\/\/fundacionroemmers.org.ar\/wp-content\/uploads\/2025\/02\/TAPA-XXXI.jpg\" class=\"attachment-full size-full wp-image-6612\" alt=\"\" srcset=\"https:\/\/fundacionroemmers.org.ar\/wp-content\/uploads\/2025\/02\/TAPA-XXXI.jpg 1241w, https:\/\/fundacionroemmers.org.ar\/wp-content\/uploads\/2025\/02\/TAPA-XXXI-212x300.jpg 212w, https:\/\/fundacionroemmers.org.ar\/wp-content\/uploads\/2025\/02\/TAPA-XXXI-724x1024.jpg 724w, https:\/\/fundacionroemmers.org.ar\/wp-content\/uploads\/2025\/02\/TAPA-XXXI-768x1086.jpg 768w, https:\/\/fundacionroemmers.org.ar\/wp-content\/uploads\/2025\/02\/TAPA-XXXI-1086x1536.jpg 1086w, https:\/\/fundacionroemmers.org.ar\/wp-content\/uploads\/2025\/02\/TAPA-XXXI-8x12.jpg 8w\" sizes=\"(max-width: 1241px) 100vw, 1241px\" \/><\/a><\/figure><\/div>\t\t<\/div>\n\t\t\t\t<\/div>\n\t\t\t\t<div class=\"elementor-element elementor-element-2a32f00c elementor-widget elementor-widget-heading\" data-id=\"2a32f00c\" data-element_type=\"widget\" data-widget_type=\"heading.default\">\n\t\t\t\t<div class=\"elementor-widget-container\">\n\t\t\t<h2 class=\"elementor-heading-title elementor-size-default\">Anales de la Fundaci\u00f3n Alberto J. Roemmers Vol. XXXI - 2020<\/h2>\t\t<\/div>\n\t\t\t\t<\/div>\n\t\t\t\t<\/div>\n\t\t<div class=\"elementor-element elementor-element-719a57db e-con-full e-flex e-con e-child\" data-id=\"719a57db\" data-element_type=\"container\" data-settings=\"{&quot;background_background&quot;:&quot;classic&quot;}\">\n\t\t\t\t<div class=\"elementor-element elementor-element-9a446a7 elementor-position-top elementor-position-top elementor-widget elementor-widget-image-box\" data-id=\"9a446a7\" data-element_type=\"widget\" data-widget_type=\"image-box.default\">\n\t\t\t\t<div class=\"elementor-widget-container\">\n\t\t\t<div class=\"elementor-image-box-wrapper\"><figure class=\"elementor-image-box-img\"><a href=\"#elementor-action%3Aaction%3Dpopup%3Aopen%26settings%3DeyJpZCI6IjU3NDEiLCJ0b2dnbGUiOmZhbHNlfQ%3D%3D\" tabindex=\"-1\"><img loading=\"lazy\" decoding=\"async\" width=\"301\" height=\"414\" src=\"https:\/\/fundacionroemmers.org.ar\/wp-content\/uploads\/2024\/09\/Mesa-de-trabajo-1-copia-22.jpg\" class=\"attachment-full size-full wp-image-5271\" alt=\"\" srcset=\"https:\/\/fundacionroemmers.org.ar\/wp-content\/uploads\/2024\/09\/Mesa-de-trabajo-1-copia-22.jpg 301w, https:\/\/fundacionroemmers.org.ar\/wp-content\/uploads\/2024\/09\/Mesa-de-trabajo-1-copia-22-218x300.jpg 218w\" sizes=\"(max-width: 301px) 100vw, 301px\" \/><\/a><\/figure><\/div>\t\t<\/div>\n\t\t\t\t<\/div>\n\t\t\t\t<div class=\"elementor-element elementor-element-3452bc79 elementor-widget elementor-widget-heading\" data-id=\"3452bc79\" data-element_type=\"widget\" data-widget_type=\"heading.default\">\n\t\t\t\t<div class=\"elementor-widget-container\">\n\t\t\t<h2 class=\"elementor-heading-title elementor-size-default\">Atenci\u00f3n de enfermer\u00eda en el Triage - 2019<\/h2>\t\t<\/div>\n\t\t\t\t<\/div>\n\t\t\t\t<\/div>\n\t\t\t\t<\/div>\n\t\t<div class=\"elementor-element elementor-element-6ef9e9ad e-con-full e-flex e-con e-child\" data-id=\"6ef9e9ad\" data-element_type=\"container\">\n\t\t<div class=\"elementor-element elementor-element-59cbb715 e-con-full e-flex e-con e-child\" data-id=\"59cbb715\" data-element_type=\"container\" data-settings=\"{&quot;background_background&quot;:&quot;classic&quot;}\">\n\t\t\t\t<div class=\"elementor-element elementor-element-25457ea5 elementor-position-top elementor-position-top elementor-widget elementor-widget-image-box\" data-id=\"25457ea5\" data-element_type=\"widget\" data-widget_type=\"image-box.default\">\n\t\t\t\t<div class=\"elementor-widget-container\">\n\t\t\t<div class=\"elementor-image-box-wrapper\"><figure class=\"elementor-image-box-img\"><a href=\"#elementor-action%3Aaction%3Dpopup%3Aopen%26settings%3DeyJpZCI6IjU3NDEiLCJ0b2dnbGUiOmZhbHNlfQ%3D%3D\" tabindex=\"-1\"><img loading=\"lazy\" decoding=\"async\" width=\"1811\" height=\"2560\" src=\"https:\/\/fundacionroemmers.org.ar\/wp-content\/uploads\/2025\/02\/Anales-FAJR-Vol-XXX-scaled.jpg\" class=\"attachment-full size-full wp-image-6778\" alt=\"\" srcset=\"https:\/\/fundacionroemmers.org.ar\/wp-content\/uploads\/2025\/02\/Anales-FAJR-Vol-XXX-scaled.jpg 1811w, https:\/\/fundacionroemmers.org.ar\/wp-content\/uploads\/2025\/02\/Anales-FAJR-Vol-XXX-212x300.jpg 212w, https:\/\/fundacionroemmers.org.ar\/wp-content\/uploads\/2025\/02\/Anales-FAJR-Vol-XXX-724x1024.jpg 724w, https:\/\/fundacionroemmers.org.ar\/wp-content\/uploads\/2025\/02\/Anales-FAJR-Vol-XXX-768x1086.jpg 768w, https:\/\/fundacionroemmers.org.ar\/wp-content\/uploads\/2025\/02\/Anales-FAJR-Vol-XXX-1086x1536.jpg 1086w, https:\/\/fundacionroemmers.org.ar\/wp-content\/uploads\/2025\/02\/Anales-FAJR-Vol-XXX-1449x2048.jpg 1449w, https:\/\/fundacionroemmers.org.ar\/wp-content\/uploads\/2025\/02\/Anales-FAJR-Vol-XXX-8x12.jpg 8w\" sizes=\"(max-width: 1811px) 100vw, 1811px\" \/><\/a><\/figure><\/div>\t\t<\/div>\n\t\t\t\t<\/div>\n\t\t\t\t<div class=\"elementor-element elementor-element-3356e290 elementor-widget elementor-widget-heading\" data-id=\"3356e290\" data-element_type=\"widget\" data-widget_type=\"heading.default\">\n\t\t\t\t<div class=\"elementor-widget-container\">\n\t\t\t<h2 class=\"elementor-heading-title elementor-size-default\">Anales de la Fundaci\u00f3n Alberto J. Roemmers Vol. XXX - 2019<\/h2>\t\t<\/div>\n\t\t\t\t<\/div>\n\t\t\t\t<\/div>\n\t\t<div class=\"elementor-element elementor-element-6c59da9c e-con-full e-flex e-con e-child\" data-id=\"6c59da9c\" data-element_type=\"container\" data-settings=\"{&quot;background_background&quot;:&quot;classic&quot;}\">\n\t\t\t\t<div class=\"elementor-element elementor-element-252a6289 elementor-position-top elementor-position-top elementor-widget elementor-widget-image-box\" data-id=\"252a6289\" data-element_type=\"widget\" data-widget_type=\"image-box.default\">\n\t\t\t\t<div class=\"elementor-widget-container\">\n\t\t\t<div class=\"elementor-image-box-wrapper\"><figure class=\"elementor-image-box-img\"><a href=\"#elementor-action%3Aaction%3Dpopup%3Aopen%26settings%3DeyJpZCI6IjU3NDEiLCJ0b2dnbGUiOmZhbHNlfQ%3D%3D\" tabindex=\"-1\"><img loading=\"lazy\" decoding=\"async\" width=\"4724\" height=\"6614\" src=\"https:\/\/fundacionroemmers.org.ar\/wp-content\/uploads\/2025\/01\/Maestros-de-la-Medicina-2019.png\" class=\"attachment-full size-full wp-image-6531\" alt=\"\" srcset=\"https:\/\/fundacionroemmers.org.ar\/wp-content\/uploads\/2025\/01\/Maestros-de-la-Medicina-2019.png 4724w, https:\/\/fundacionroemmers.org.ar\/wp-content\/uploads\/2025\/01\/Maestros-de-la-Medicina-2019-214x300.png 214w, https:\/\/fundacionroemmers.org.ar\/wp-content\/uploads\/2025\/01\/Maestros-de-la-Medicina-2019-731x1024.png 731w, https:\/\/fundacionroemmers.org.ar\/wp-content\/uploads\/2025\/01\/Maestros-de-la-Medicina-2019-768x1075.png 768w, https:\/\/fundacionroemmers.org.ar\/wp-content\/uploads\/2025\/01\/Maestros-de-la-Medicina-2019-1097x1536.png 1097w, https:\/\/fundacionroemmers.org.ar\/wp-content\/uploads\/2025\/01\/Maestros-de-la-Medicina-2019-1463x2048.png 1463w, https:\/\/fundacionroemmers.org.ar\/wp-content\/uploads\/2025\/01\/Maestros-de-la-Medicina-2019-9x12.png 9w\" sizes=\"(max-width: 4724px) 100vw, 4724px\" \/><\/a><\/figure><\/div>\t\t<\/div>\n\t\t\t\t<\/div>\n\t\t\t\t<div class=\"elementor-element elementor-element-73a6e1cd elementor-widget elementor-widget-heading\" data-id=\"73a6e1cd\" data-element_type=\"widget\" data-widget_type=\"heading.default\">\n\t\t\t\t<div class=\"elementor-widget-container\">\n\t\t\t<h2 class=\"elementor-heading-title elementor-size-default\">Maestros de la Medicina Argentina - 2019<\/h2>\t\t<\/div>\n\t\t\t\t<\/div>\n\t\t\t\t<\/div>\n\t\t<div class=\"elementor-element elementor-element-3017e286 e-con-full e-flex e-con e-child\" data-id=\"3017e286\" data-element_type=\"container\" data-settings=\"{&quot;background_background&quot;:&quot;classic&quot;}\">\n\t\t\t\t<div class=\"elementor-element elementor-element-79da216e elementor-position-top elementor-position-top elementor-widget elementor-widget-image-box\" data-id=\"79da216e\" data-element_type=\"widget\" data-widget_type=\"image-box.default\">\n\t\t\t\t<div class=\"elementor-widget-container\">\n\t\t\t<div class=\"elementor-image-box-wrapper\"><figure class=\"elementor-image-box-img\"><img loading=\"lazy\" decoding=\"async\" width=\"301\" height=\"414\" src=\"https:\/\/fundacionroemmers.org.ar\/wp-content\/uploads\/2024\/09\/Mesa-de-trabajo-1-copia-41.jpg\" class=\"attachment-full size-full wp-image-5292\" alt=\"\" srcset=\"https:\/\/fundacionroemmers.org.ar\/wp-content\/uploads\/2024\/09\/Mesa-de-trabajo-1-copia-41.jpg 301w, https:\/\/fundacionroemmers.org.ar\/wp-content\/uploads\/2024\/09\/Mesa-de-trabajo-1-copia-41-218x300.jpg 218w\" sizes=\"(max-width: 301px) 100vw, 301px\" \/><\/figure><\/div>\t\t<\/div>\n\t\t\t\t<\/div>\n\t\t\t\t<div class=\"elementor-element elementor-element-38f80b0e elementor-widget elementor-widget-heading\" data-id=\"38f80b0e\" data-element_type=\"widget\" data-widget_type=\"heading.default\">\n\t\t\t\t<div class=\"elementor-widget-container\">\n\t\t\t<h2 class=\"elementor-heading-title elementor-size-default\">Cuidados en el Paciente Pedi\u00e1trico - 2018<\/h2>\t\t<\/div>\n\t\t\t\t<\/div>\n\t\t\t\t<\/div>\n\t\t<div class=\"elementor-element elementor-element-749a6c5c e-con-full e-flex e-con e-child\" data-id=\"749a6c5c\" data-element_type=\"container\" data-settings=\"{&quot;background_background&quot;:&quot;classic&quot;}\">\n\t\t\t\t<div class=\"elementor-element elementor-element-6cf417b2 elementor-position-top elementor-position-top elementor-widget elementor-widget-image-box\" data-id=\"6cf417b2\" data-element_type=\"widget\" data-widget_type=\"image-box.default\">\n\t\t\t\t<div class=\"elementor-widget-container\">\n\t\t\t<div class=\"elementor-image-box-wrapper\"><figure class=\"elementor-image-box-img\"><a href=\"#elementor-action%3Aaction%3Dpopup%3Aopen%26settings%3DeyJpZCI6IjU3NDEiLCJ0b2dnbGUiOmZhbHNlfQ%3D%3D\" tabindex=\"-1\"><img loading=\"lazy\" decoding=\"async\" width=\"1811\" height=\"2560\" src=\"https:\/\/fundacionroemmers.org.ar\/wp-content\/uploads\/2025\/02\/Anales-FAJR-Vol-XXIX-scaled.jpg\" class=\"attachment-full size-full wp-image-6773\" alt=\"\" srcset=\"https:\/\/fundacionroemmers.org.ar\/wp-content\/uploads\/2025\/02\/Anales-FAJR-Vol-XXIX-scaled.jpg 1811w, https:\/\/fundacionroemmers.org.ar\/wp-content\/uploads\/2025\/02\/Anales-FAJR-Vol-XXIX-212x300.jpg 212w, https:\/\/fundacionroemmers.org.ar\/wp-content\/uploads\/2025\/02\/Anales-FAJR-Vol-XXIX-724x1024.jpg 724w, https:\/\/fundacionroemmers.org.ar\/wp-content\/uploads\/2025\/02\/Anales-FAJR-Vol-XXIX-768x1086.jpg 768w, https:\/\/fundacionroemmers.org.ar\/wp-content\/uploads\/2025\/02\/Anales-FAJR-Vol-XXIX-1086x1536.jpg 1086w, https:\/\/fundacionroemmers.org.ar\/wp-content\/uploads\/2025\/02\/Anales-FAJR-Vol-XXIX-1449x2048.jpg 1449w, https:\/\/fundacionroemmers.org.ar\/wp-content\/uploads\/2025\/02\/Anales-FAJR-Vol-XXIX-8x12.jpg 8w\" sizes=\"(max-width: 1811px) 100vw, 1811px\" \/><\/a><\/figure><\/div>\t\t<\/div>\n\t\t\t\t<\/div>\n\t\t\t\t<div class=\"elementor-element elementor-element-46f88647 elementor-widget elementor-widget-heading\" data-id=\"46f88647\" data-element_type=\"widget\" data-widget_type=\"heading.default\">\n\t\t\t\t<div class=\"elementor-widget-container\">\n\t\t\t<h2 class=\"elementor-heading-title elementor-size-default\">Anales de la Fundaci\u00f3n Alberto J. Roemmers Vol. XXIX - 2018<\/h2>\t\t<\/div>\n\t\t\t\t<\/div>\n\t\t\t\t<\/div>\n\t\t<div class=\"elementor-element elementor-element-7445db2c e-con-full e-flex e-con e-child\" data-id=\"7445db2c\" data-element_type=\"container\" data-settings=\"{&quot;background_background&quot;:&quot;classic&quot;}\">\n\t\t\t\t<div class=\"elementor-element elementor-element-1deaa058 elementor-position-top elementor-position-top elementor-widget elementor-widget-image-box\" data-id=\"1deaa058\" data-element_type=\"widget\" data-widget_type=\"image-box.default\">\n\t\t\t\t<div class=\"elementor-widget-container\">\n\t\t\t<div class=\"elementor-image-box-wrapper\"><figure class=\"elementor-image-box-img\"><a href=\"#elementor-action%3Aaction%3Dpopup%3Aopen%26settings%3DeyJpZCI6IjU3NDEiLCJ0b2dnbGUiOmZhbHNlfQ%3D%3D\" tabindex=\"-1\"><img loading=\"lazy\" decoding=\"async\" width=\"4724\" height=\"6614\" src=\"https:\/\/fundacionroemmers.org.ar\/wp-content\/uploads\/2025\/01\/Maestros-de-la-Medicina-2018.png\" class=\"attachment-full size-full wp-image-6530\" alt=\"\" srcset=\"https:\/\/fundacionroemmers.org.ar\/wp-content\/uploads\/2025\/01\/Maestros-de-la-Medicina-2018.png 4724w, https:\/\/fundacionroemmers.org.ar\/wp-content\/uploads\/2025\/01\/Maestros-de-la-Medicina-2018-214x300.png 214w, https:\/\/fundacionroemmers.org.ar\/wp-content\/uploads\/2025\/01\/Maestros-de-la-Medicina-2018-731x1024.png 731w, https:\/\/fundacionroemmers.org.ar\/wp-content\/uploads\/2025\/01\/Maestros-de-la-Medicina-2018-768x1075.png 768w, https:\/\/fundacionroemmers.org.ar\/wp-content\/uploads\/2025\/01\/Maestros-de-la-Medicina-2018-1097x1536.png 1097w, https:\/\/fundacionroemmers.org.ar\/wp-content\/uploads\/2025\/01\/Maestros-de-la-Medicina-2018-1463x2048.png 1463w, https:\/\/fundacionroemmers.org.ar\/wp-content\/uploads\/2025\/01\/Maestros-de-la-Medicina-2018-9x12.png 9w\" sizes=\"(max-width: 4724px) 100vw, 4724px\" \/><\/a><\/figure><\/div>\t\t<\/div>\n\t\t\t\t<\/div>\n\t\t\t\t<div class=\"elementor-element elementor-element-7eb5fe25 elementor-widget elementor-widget-heading\" data-id=\"7eb5fe25\" data-element_type=\"widget\" data-widget_type=\"heading.default\">\n\t\t\t\t<div class=\"elementor-widget-container\">\n\t\t\t<h2 class=\"elementor-heading-title elementor-size-default\">Maestros de la Medicina Argentina - 2018<\/h2>\t\t<\/div>\n\t\t\t\t<\/div>\n\t\t\t\t<\/div>\n\t\t\t\t<\/div>\n\t\t<div class=\"elementor-element elementor-element-7c7cdf6e e-con-full e-flex e-con e-child\" data-id=\"7c7cdf6e\" data-element_type=\"container\">\n\t\t<div class=\"elementor-element elementor-element-5c0540d1 e-con-full e-flex e-con e-child\" data-id=\"5c0540d1\" data-element_type=\"container\" data-settings=\"{&quot;background_background&quot;:&quot;classic&quot;}\">\n\t\t\t\t<div class=\"elementor-element elementor-element-6c4b6cb1 elementor-position-top elementor-position-top elementor-widget elementor-widget-image-box\" data-id=\"6c4b6cb1\" data-element_type=\"widget\" data-widget_type=\"image-box.default\">\n\t\t\t\t<div class=\"elementor-widget-container\">\n\t\t\t<div class=\"elementor-image-box-wrapper\"><figure class=\"elementor-image-box-img\"><a href=\"#elementor-action%3Aaction%3Dpopup%3Aopen%26settings%3DeyJpZCI6IjU3NDEiLCJ0b2dnbGUiOmZhbHNlfQ%3D%3D\" tabindex=\"-1\"><img loading=\"lazy\" decoding=\"async\" width=\"301\" height=\"414\" src=\"https:\/\/fundacionroemmers.org.ar\/wp-content\/uploads\/2024\/09\/Mesa-de-trabajo-1-copia-42.jpg\" class=\"attachment-full size-full wp-image-5291\" alt=\"\" srcset=\"https:\/\/fundacionroemmers.org.ar\/wp-content\/uploads\/2024\/09\/Mesa-de-trabajo-1-copia-42.jpg 301w, https:\/\/fundacionroemmers.org.ar\/wp-content\/uploads\/2024\/09\/Mesa-de-trabajo-1-copia-42-218x300.jpg 218w\" sizes=\"(max-width: 301px) 100vw, 301px\" \/><\/a><\/figure><\/div>\t\t<\/div>\n\t\t\t\t<\/div>\n\t\t\t\t<div class=\"elementor-element elementor-element-27b53e2b elementor-widget elementor-widget-heading\" data-id=\"27b53e2b\" data-element_type=\"widget\" data-widget_type=\"heading.default\">\n\t\t\t\t<div class=\"elementor-widget-container\">\n\t\t\t<h2 class=\"elementor-heading-title elementor-size-default\">Atenci\u00f3n al Adulto Mayor - 2017<\/h2>\t\t<\/div>\n\t\t\t\t<\/div>\n\t\t\t\t<\/div>\n\t\t<div class=\"elementor-element elementor-element-718cd2e9 e-con-full e-flex e-con e-child\" data-id=\"718cd2e9\" data-element_type=\"container\" data-settings=\"{&quot;background_background&quot;:&quot;classic&quot;}\">\n\t\t\t\t<div class=\"elementor-element elementor-element-44c130c9 elementor-position-top elementor-position-top elementor-widget elementor-widget-image-box\" data-id=\"44c130c9\" data-element_type=\"widget\" data-widget_type=\"image-box.default\">\n\t\t\t\t<div class=\"elementor-widget-container\">\n\t\t\t<div class=\"elementor-image-box-wrapper\"><figure class=\"elementor-image-box-img\"><a href=\"#elementor-action%3Aaction%3Dpopup%3Aopen%26settings%3DeyJpZCI6IjU3NDEiLCJ0b2dnbGUiOmZhbHNlfQ%3D%3D\" tabindex=\"-1\"><img loading=\"lazy\" decoding=\"async\" width=\"1811\" height=\"2560\" src=\"https:\/\/fundacionroemmers.org.ar\/wp-content\/uploads\/2025\/02\/Anales-FAJR-Vol-XXVIII-scaled.jpg\" class=\"attachment-full size-full wp-image-6777\" alt=\"\" srcset=\"https:\/\/fundacionroemmers.org.ar\/wp-content\/uploads\/2025\/02\/Anales-FAJR-Vol-XXVIII-scaled.jpg 1811w, https:\/\/fundacionroemmers.org.ar\/wp-content\/uploads\/2025\/02\/Anales-FAJR-Vol-XXVIII-212x300.jpg 212w, https:\/\/fundacionroemmers.org.ar\/wp-content\/uploads\/2025\/02\/Anales-FAJR-Vol-XXVIII-724x1024.jpg 724w, https:\/\/fundacionroemmers.org.ar\/wp-content\/uploads\/2025\/02\/Anales-FAJR-Vol-XXVIII-768x1086.jpg 768w, https:\/\/fundacionroemmers.org.ar\/wp-content\/uploads\/2025\/02\/Anales-FAJR-Vol-XXVIII-1086x1536.jpg 1086w, https:\/\/fundacionroemmers.org.ar\/wp-content\/uploads\/2025\/02\/Anales-FAJR-Vol-XXVIII-1449x2048.jpg 1449w, https:\/\/fundacionroemmers.org.ar\/wp-content\/uploads\/2025\/02\/Anales-FAJR-Vol-XXVIII-8x12.jpg 8w\" sizes=\"(max-width: 1811px) 100vw, 1811px\" \/><\/a><\/figure><\/div>\t\t<\/div>\n\t\t\t\t<\/div>\n\t\t\t\t<div class=\"elementor-element elementor-element-78d7ad52 elementor-widget elementor-widget-heading\" data-id=\"78d7ad52\" data-element_type=\"widget\" data-widget_type=\"heading.default\">\n\t\t\t\t<div class=\"elementor-widget-container\">\n\t\t\t<h2 class=\"elementor-heading-title elementor-size-default\">Anales de la Fundaci\u00f3n Alberto J. Roemmers Vol. XXVIII - 2017<\/h2>\t\t<\/div>\n\t\t\t\t<\/div>\n\t\t\t\t<\/div>\n\t\t<div class=\"elementor-element elementor-element-1c4c144d e-con-full e-flex e-con e-child\" data-id=\"1c4c144d\" data-element_type=\"container\" data-settings=\"{&quot;background_background&quot;:&quot;classic&quot;}\">\n\t\t\t\t<div class=\"elementor-element elementor-element-629c4ad8 elementor-position-top elementor-position-top elementor-widget elementor-widget-image-box\" data-id=\"629c4ad8\" data-element_type=\"widget\" data-widget_type=\"image-box.default\">\n\t\t\t\t<div class=\"elementor-widget-container\">\n\t\t\t<div class=\"elementor-image-box-wrapper\"><figure class=\"elementor-image-box-img\"><a href=\"#elementor-action%3Aaction%3Dpopup%3Aopen%26settings%3DeyJpZCI6IjU3NDEiLCJ0b2dnbGUiOmZhbHNlfQ%3D%3D\" tabindex=\"-1\"><img loading=\"lazy\" decoding=\"async\" width=\"4724\" height=\"6614\" src=\"https:\/\/fundacionroemmers.org.ar\/wp-content\/uploads\/2025\/01\/Maestros-de-la-Medicina-2017.png\" class=\"attachment-full size-full wp-image-6455\" alt=\"\" srcset=\"https:\/\/fundacionroemmers.org.ar\/wp-content\/uploads\/2025\/01\/Maestros-de-la-Medicina-2017.png 4724w, https:\/\/fundacionroemmers.org.ar\/wp-content\/uploads\/2025\/01\/Maestros-de-la-Medicina-2017-214x300.png 214w, https:\/\/fundacionroemmers.org.ar\/wp-content\/uploads\/2025\/01\/Maestros-de-la-Medicina-2017-731x1024.png 731w, https:\/\/fundacionroemmers.org.ar\/wp-content\/uploads\/2025\/01\/Maestros-de-la-Medicina-2017-768x1075.png 768w, https:\/\/fundacionroemmers.org.ar\/wp-content\/uploads\/2025\/01\/Maestros-de-la-Medicina-2017-1097x1536.png 1097w, https:\/\/fundacionroemmers.org.ar\/wp-content\/uploads\/2025\/01\/Maestros-de-la-Medicina-2017-1463x2048.png 1463w, https:\/\/fundacionroemmers.org.ar\/wp-content\/uploads\/2025\/01\/Maestros-de-la-Medicina-2017-9x12.png 9w\" sizes=\"(max-width: 4724px) 100vw, 4724px\" \/><\/a><\/figure><\/div>\t\t<\/div>\n\t\t\t\t<\/div>\n\t\t\t\t<div class=\"elementor-element elementor-element-2637b9a elementor-widget elementor-widget-heading\" data-id=\"2637b9a\" data-element_type=\"widget\" data-widget_type=\"heading.default\">\n\t\t\t\t<div class=\"elementor-widget-container\">\n\t\t\t<h2 class=\"elementor-heading-title elementor-size-default\">Maestros de la Medicina Argentina - 2017<\/h2>\t\t<\/div>\n\t\t\t\t<\/div>\n\t\t\t\t<\/div>\n\t\t<div class=\"elementor-element elementor-element-b8ad9a4 e-con-full e-flex e-con e-child\" data-id=\"b8ad9a4\" data-element_type=\"container\" data-settings=\"{&quot;background_background&quot;:&quot;classic&quot;}\">\n\t\t\t\t<div class=\"elementor-element elementor-element-147ad891 elementor-position-top elementor-position-top elementor-widget elementor-widget-image-box\" data-id=\"147ad891\" data-element_type=\"widget\" data-widget_type=\"image-box.default\">\n\t\t\t\t<div class=\"elementor-widget-container\">\n\t\t\t<div class=\"elementor-image-box-wrapper\"><figure class=\"elementor-image-box-img\"><a href=\"#elementor-action%3Aaction%3Dpopup%3Aopen%26settings%3DeyJpZCI6IjU3NDEiLCJ0b2dnbGUiOmZhbHNlfQ%3D%3D\" tabindex=\"-1\"><img loading=\"lazy\" decoding=\"async\" width=\"301\" height=\"414\" src=\"https:\/\/fundacionroemmers.org.ar\/wp-content\/uploads\/2024\/09\/Mesa-de-trabajo-1-copia-44.jpg\" class=\"attachment-full size-full wp-image-5289\" alt=\"\" srcset=\"https:\/\/fundacionroemmers.org.ar\/wp-content\/uploads\/2024\/09\/Mesa-de-trabajo-1-copia-44.jpg 301w, https:\/\/fundacionroemmers.org.ar\/wp-content\/uploads\/2024\/09\/Mesa-de-trabajo-1-copia-44-218x300.jpg 218w\" sizes=\"(max-width: 301px) 100vw, 301px\" \/><\/a><\/figure><\/div>\t\t<\/div>\n\t\t\t\t<\/div>\n\t\t\t\t<div class=\"elementor-element elementor-element-5b20b57f elementor-widget elementor-widget-heading\" data-id=\"5b20b57f\" data-element_type=\"widget\" data-widget_type=\"heading.default\">\n\t\t\t\t<div class=\"elementor-widget-container\">\n\t\t\t<h2 class=\"elementor-heading-title elementor-size-default\">Enfermer\u00eda y HIV - 2016<\/h2>\t\t<\/div>\n\t\t\t\t<\/div>\n\t\t\t\t<\/div>\n\t\t<div class=\"elementor-element elementor-element-6cc1409c e-con-full e-flex e-con e-child\" data-id=\"6cc1409c\" data-element_type=\"container\" data-settings=\"{&quot;background_background&quot;:&quot;classic&quot;}\">\n\t\t\t\t<div class=\"elementor-element elementor-element-32550cc6 elementor-position-top elementor-position-top elementor-widget elementor-widget-image-box\" data-id=\"32550cc6\" data-element_type=\"widget\" data-widget_type=\"image-box.default\">\n\t\t\t\t<div class=\"elementor-widget-container\">\n\t\t\t<div class=\"elementor-image-box-wrapper\"><figure class=\"elementor-image-box-img\"><a href=\"#elementor-action%3Aaction%3Dpopup%3Aopen%26settings%3DeyJpZCI6IjU3NDEiLCJ0b2dnbGUiOmZhbHNlfQ%3D%3D\" tabindex=\"-1\"><img loading=\"lazy\" decoding=\"async\" width=\"301\" height=\"414\" src=\"https:\/\/fundacionroemmers.org.ar\/wp-content\/uploads\/2024\/09\/Mesa-de-trabajo-1-copia-51.jpg\" class=\"attachment-full size-full wp-image-5236\" alt=\"\" srcset=\"https:\/\/fundacionroemmers.org.ar\/wp-content\/uploads\/2024\/09\/Mesa-de-trabajo-1-copia-51.jpg 301w, https:\/\/fundacionroemmers.org.ar\/wp-content\/uploads\/2024\/09\/Mesa-de-trabajo-1-copia-51-218x300.jpg 218w\" sizes=\"(max-width: 301px) 100vw, 301px\" \/><\/a><\/figure><\/div>\t\t<\/div>\n\t\t\t\t<\/div>\n\t\t\t\t<div class=\"elementor-element elementor-element-3e6f8acd elementor-widget elementor-widget-heading\" data-id=\"3e6f8acd\" data-element_type=\"widget\" data-widget_type=\"heading.default\">\n\t\t\t\t<div class=\"elementor-widget-container\">\n\t\t\t<h2 class=\"elementor-heading-title elementor-size-default\">Maestros de la Medicina Argentina - 2016<\/h2>\t\t<\/div>\n\t\t\t\t<\/div>\n\t\t\t\t<\/div>\n\t\t\t\t<\/div>\n\t\t<div class=\"elementor-element elementor-element-6b40be65 e-con-full e-flex e-con e-child\" data-id=\"6b40be65\" data-element_type=\"container\">\n\t\t<div class=\"elementor-element elementor-element-cea8db0 e-con-full e-flex e-con e-child\" data-id=\"cea8db0\" data-element_type=\"container\" data-settings=\"{&quot;background_background&quot;:&quot;classic&quot;}\">\n\t\t\t\t<div class=\"elementor-element elementor-element-1091ad09 elementor-position-top elementor-position-top elementor-widget elementor-widget-image-box\" data-id=\"1091ad09\" data-element_type=\"widget\" data-widget_type=\"image-box.default\">\n\t\t\t\t<div class=\"elementor-widget-container\">\n\t\t\t<div class=\"elementor-image-box-wrapper\"><figure class=\"elementor-image-box-img\"><a href=\"#elementor-action%3Aaction%3Dpopup%3Aopen%26settings%3DeyJpZCI6IjU3NDEiLCJ0b2dnbGUiOmZhbHNlfQ%3D%3D\" tabindex=\"-1\"><img loading=\"lazy\" decoding=\"async\" width=\"1811\" height=\"2560\" src=\"https:\/\/fundacionroemmers.org.ar\/wp-content\/uploads\/2025\/02\/Anales-FAJR-Vol-XXVII-scaled.jpg\" class=\"attachment-full size-full wp-image-6776\" alt=\"\" srcset=\"https:\/\/fundacionroemmers.org.ar\/wp-content\/uploads\/2025\/02\/Anales-FAJR-Vol-XXVII-scaled.jpg 1811w, https:\/\/fundacionroemmers.org.ar\/wp-content\/uploads\/2025\/02\/Anales-FAJR-Vol-XXVII-212x300.jpg 212w, https:\/\/fundacionroemmers.org.ar\/wp-content\/uploads\/2025\/02\/Anales-FAJR-Vol-XXVII-724x1024.jpg 724w, https:\/\/fundacionroemmers.org.ar\/wp-content\/uploads\/2025\/02\/Anales-FAJR-Vol-XXVII-768x1086.jpg 768w, https:\/\/fundacionroemmers.org.ar\/wp-content\/uploads\/2025\/02\/Anales-FAJR-Vol-XXVII-1086x1536.jpg 1086w, https:\/\/fundacionroemmers.org.ar\/wp-content\/uploads\/2025\/02\/Anales-FAJR-Vol-XXVII-1449x2048.jpg 1449w, https:\/\/fundacionroemmers.org.ar\/wp-content\/uploads\/2025\/02\/Anales-FAJR-Vol-XXVII-8x12.jpg 8w\" sizes=\"(max-width: 1811px) 100vw, 1811px\" \/><\/a><\/figure><\/div>\t\t<\/div>\n\t\t\t\t<\/div>\n\t\t\t\t<div class=\"elementor-element elementor-element-4da73485 elementor-widget elementor-widget-heading\" data-id=\"4da73485\" data-element_type=\"widget\" data-widget_type=\"heading.default\">\n\t\t\t\t<div class=\"elementor-widget-container\">\n\t\t\t<h2 class=\"elementor-heading-title elementor-size-default\">Anales de la Fundaci\u00f3n Alberto J. Roemmers Vol. XXVII - 2016<\/h2>\t\t<\/div>\n\t\t\t\t<\/div>\n\t\t\t\t<\/div>\n\t\t<div class=\"elementor-element elementor-element-22618a3d e-con-full e-flex e-con e-child\" data-id=\"22618a3d\" data-element_type=\"container\" data-settings=\"{&quot;background_background&quot;:&quot;classic&quot;}\">\n\t\t\t\t<div class=\"elementor-element elementor-element-1f0237a5 elementor-position-top elementor-position-top elementor-widget elementor-widget-image-box\" data-id=\"1f0237a5\" data-element_type=\"widget\" data-widget_type=\"image-box.default\">\n\t\t\t\t<div class=\"elementor-widget-container\">\n\t\t\t<div class=\"elementor-image-box-wrapper\"><figure class=\"elementor-image-box-img\"><img loading=\"lazy\" decoding=\"async\" width=\"301\" height=\"414\" src=\"https:\/\/fundacionroemmers.org.ar\/wp-content\/uploads\/2024\/09\/Mesa-de-trabajo-1-copia-43.jpg\" class=\"attachment-full size-full wp-image-5290\" alt=\"\" srcset=\"https:\/\/fundacionroemmers.org.ar\/wp-content\/uploads\/2024\/09\/Mesa-de-trabajo-1-copia-43.jpg 301w, https:\/\/fundacionroemmers.org.ar\/wp-content\/uploads\/2024\/09\/Mesa-de-trabajo-1-copia-43-218x300.jpg 218w\" sizes=\"(max-width: 301px) 100vw, 301px\" \/><\/figure><\/div>\t\t<\/div>\n\t\t\t\t<\/div>\n\t\t\t\t<div class=\"elementor-element elementor-element-2bd1d9ad elementor-widget elementor-widget-heading\" data-id=\"2bd1d9ad\" data-element_type=\"widget\" data-widget_type=\"heading.default\">\n\t\t\t\t<div class=\"elementor-widget-container\">\n\t\t\t<h2 class=\"elementor-heading-title elementor-size-default\">Enfermer\u00eda en el Paciente Cr\u00f3nico - 2015<\/h2>\t\t<\/div>\n\t\t\t\t<\/div>\n\t\t\t\t<\/div>\n\t\t<div class=\"elementor-element elementor-element-3f4813e1 e-con-full e-flex e-con e-child\" data-id=\"3f4813e1\" data-element_type=\"container\" data-settings=\"{&quot;background_background&quot;:&quot;classic&quot;}\">\n\t\t\t\t<div class=\"elementor-element elementor-element-acd5b61 elementor-position-top elementor-position-top elementor-widget elementor-widget-image-box\" data-id=\"acd5b61\" data-element_type=\"widget\" data-widget_type=\"image-box.default\">\n\t\t\t\t<div class=\"elementor-widget-container\">\n\t\t\t<div class=\"elementor-image-box-wrapper\"><figure class=\"elementor-image-box-img\"><a href=\"#elementor-action%3Aaction%3Dpopup%3Aopen%26settings%3DeyJpZCI6IjU3NDEiLCJ0b2dnbGUiOmZhbHNlfQ%3D%3D\" tabindex=\"-1\"><img loading=\"lazy\" decoding=\"async\" width=\"301\" height=\"414\" src=\"https:\/\/fundacionroemmers.org.ar\/wp-content\/uploads\/2024\/09\/Mesa-de-trabajo-1-copia-51.jpg\" class=\"attachment-full size-full wp-image-5236\" alt=\"\" srcset=\"https:\/\/fundacionroemmers.org.ar\/wp-content\/uploads\/2024\/09\/Mesa-de-trabajo-1-copia-51.jpg 301w, https:\/\/fundacionroemmers.org.ar\/wp-content\/uploads\/2024\/09\/Mesa-de-trabajo-1-copia-51-218x300.jpg 218w\" sizes=\"(max-width: 301px) 100vw, 301px\" \/><\/a><\/figure><\/div>\t\t<\/div>\n\t\t\t\t<\/div>\n\t\t\t\t<div class=\"elementor-element elementor-element-3a988dd0 elementor-widget elementor-widget-heading\" data-id=\"3a988dd0\" data-element_type=\"widget\" data-widget_type=\"heading.default\">\n\t\t\t\t<div class=\"elementor-widget-container\">\n\t\t\t<h2 class=\"elementor-heading-title elementor-size-default\">Maestros de la Medicina Argentina - 2015<\/h2>\t\t<\/div>\n\t\t\t\t<\/div>\n\t\t\t\t<\/div>\n\t\t<div class=\"elementor-element elementor-element-38192921 e-con-full e-flex e-con e-child\" data-id=\"38192921\" data-element_type=\"container\" data-settings=\"{&quot;background_background&quot;:&quot;classic&quot;}\">\n\t\t\t\t<div class=\"elementor-element elementor-element-155d07e6 elementor-position-top elementor-position-top elementor-widget elementor-widget-image-box\" data-id=\"155d07e6\" data-element_type=\"widget\" data-widget_type=\"image-box.default\">\n\t\t\t\t<div class=\"elementor-widget-container\">\n\t\t\t<div class=\"elementor-image-box-wrapper\"><figure class=\"elementor-image-box-img\"><a href=\"#elementor-action%3Aaction%3Dpopup%3Aopen%26settings%3DeyJpZCI6IjU3NDEiLCJ0b2dnbGUiOmZhbHNlfQ%3D%3D\" tabindex=\"-1\"><img loading=\"lazy\" decoding=\"async\" width=\"301\" height=\"414\" src=\"https:\/\/fundacionroemmers.org.ar\/wp-content\/uploads\/2024\/09\/Mesa-de-trabajo-1-copia-36.jpg\" class=\"attachment-full size-full wp-image-5296\" alt=\"\" srcset=\"https:\/\/fundacionroemmers.org.ar\/wp-content\/uploads\/2024\/09\/Mesa-de-trabajo-1-copia-36.jpg 301w, https:\/\/fundacionroemmers.org.ar\/wp-content\/uploads\/2024\/09\/Mesa-de-trabajo-1-copia-36-218x300.jpg 218w\" sizes=\"(max-width: 301px) 100vw, 301px\" \/><\/a><\/figure><\/div>\t\t<\/div>\n\t\t\t\t<\/div>\n\t\t\t\t<div class=\"elementor-element elementor-element-32b7581e elementor-widget elementor-widget-heading\" data-id=\"32b7581e\" data-element_type=\"widget\" data-widget_type=\"heading.default\">\n\t\t\t\t<div class=\"elementor-widget-container\">\n\t\t\t<h2 class=\"elementor-heading-title elementor-size-default\">Enfermer\u00eda en el Paciente Oncohematologico - 2014<\/h2>\t\t<\/div>\n\t\t\t\t<\/div>\n\t\t\t\t<\/div>\n\t\t<div class=\"elementor-element elementor-element-63a26fbc e-con-full e-flex e-con e-child\" data-id=\"63a26fbc\" data-element_type=\"container\" data-settings=\"{&quot;background_background&quot;:&quot;classic&quot;}\">\n\t\t\t\t<div class=\"elementor-element elementor-element-25f7a635 elementor-position-top elementor-position-top elementor-widget elementor-widget-image-box\" data-id=\"25f7a635\" data-element_type=\"widget\" data-widget_type=\"image-box.default\">\n\t\t\t\t<div class=\"elementor-widget-container\">\n\t\t\t<div class=\"elementor-image-box-wrapper\"><figure class=\"elementor-image-box-img\"><a href=\"#elementor-action%3Aaction%3Dpopup%3Aopen%26settings%3DeyJpZCI6IjU3NDEiLCJ0b2dnbGUiOmZhbHNlfQ%3D%3D\" tabindex=\"-1\"><img loading=\"lazy\" decoding=\"async\" width=\"1811\" height=\"2560\" src=\"https:\/\/fundacionroemmers.org.ar\/wp-content\/uploads\/2025\/02\/Anales-FAJR-Vol-XXVI-scaled.jpg\" class=\"attachment-full size-full wp-image-6775\" alt=\"\" srcset=\"https:\/\/fundacionroemmers.org.ar\/wp-content\/uploads\/2025\/02\/Anales-FAJR-Vol-XXVI-scaled.jpg 1811w, https:\/\/fundacionroemmers.org.ar\/wp-content\/uploads\/2025\/02\/Anales-FAJR-Vol-XXVI-212x300.jpg 212w, https:\/\/fundacionroemmers.org.ar\/wp-content\/uploads\/2025\/02\/Anales-FAJR-Vol-XXVI-724x1024.jpg 724w, https:\/\/fundacionroemmers.org.ar\/wp-content\/uploads\/2025\/02\/Anales-FAJR-Vol-XXVI-768x1086.jpg 768w, https:\/\/fundacionroemmers.org.ar\/wp-content\/uploads\/2025\/02\/Anales-FAJR-Vol-XXVI-1086x1536.jpg 1086w, https:\/\/fundacionroemmers.org.ar\/wp-content\/uploads\/2025\/02\/Anales-FAJR-Vol-XXVI-1449x2048.jpg 1449w, https:\/\/fundacionroemmers.org.ar\/wp-content\/uploads\/2025\/02\/Anales-FAJR-Vol-XXVI-8x12.jpg 8w\" sizes=\"(max-width: 1811px) 100vw, 1811px\" \/><\/a><\/figure><\/div>\t\t<\/div>\n\t\t\t\t<\/div>\n\t\t\t\t<div class=\"elementor-element elementor-element-4769502 elementor-widget elementor-widget-heading\" data-id=\"4769502\" data-element_type=\"widget\" data-widget_type=\"heading.default\">\n\t\t\t\t<div class=\"elementor-widget-container\">\n\t\t\t<h2 class=\"elementor-heading-title elementor-size-default\">Anales de la Fundaci\u00f3n Alberto J. Roemmers Vol. XXVI - 2014<\/h2>\t\t<\/div>\n\t\t\t\t<\/div>\n\t\t\t\t<\/div>\n\t\t\t\t<\/div>\n\t\t<div class=\"elementor-element elementor-element-f7a000 e-con-full e-flex e-con e-child\" data-id=\"f7a000\" data-element_type=\"container\">\n\t\t<div class=\"elementor-element elementor-element-1b16508d e-con-full e-flex e-con e-child\" data-id=\"1b16508d\" data-element_type=\"container\" data-settings=\"{&quot;background_background&quot;:&quot;classic&quot;}\">\n\t\t\t\t<div class=\"elementor-element elementor-element-5e90ceec elementor-position-top elementor-position-top elementor-widget elementor-widget-image-box\" data-id=\"5e90ceec\" data-element_type=\"widget\" data-widget_type=\"image-box.default\">\n\t\t\t\t<div class=\"elementor-widget-container\">\n\t\t\t<div class=\"elementor-image-box-wrapper\"><figure class=\"elementor-image-box-img\"><a href=\"#elementor-action%3Aaction%3Dpopup%3Aopen%26settings%3DeyJpZCI6IjU3NDEiLCJ0b2dnbGUiOmZhbHNlfQ%3D%3D\" tabindex=\"-1\"><img loading=\"lazy\" decoding=\"async\" width=\"1811\" height=\"2560\" src=\"https:\/\/fundacionroemmers.org.ar\/wp-content\/uploads\/2025\/02\/Anales-FAJR-Vol-XXV-scaled.jpg\" class=\"attachment-full size-full wp-image-6774\" alt=\"\" srcset=\"https:\/\/fundacionroemmers.org.ar\/wp-content\/uploads\/2025\/02\/Anales-FAJR-Vol-XXV-scaled.jpg 1811w, https:\/\/fundacionroemmers.org.ar\/wp-content\/uploads\/2025\/02\/Anales-FAJR-Vol-XXV-212x300.jpg 212w, https:\/\/fundacionroemmers.org.ar\/wp-content\/uploads\/2025\/02\/Anales-FAJR-Vol-XXV-724x1024.jpg 724w, https:\/\/fundacionroemmers.org.ar\/wp-content\/uploads\/2025\/02\/Anales-FAJR-Vol-XXV-768x1086.jpg 768w, https:\/\/fundacionroemmers.org.ar\/wp-content\/uploads\/2025\/02\/Anales-FAJR-Vol-XXV-1086x1536.jpg 1086w, https:\/\/fundacionroemmers.org.ar\/wp-content\/uploads\/2025\/02\/Anales-FAJR-Vol-XXV-1449x2048.jpg 1449w, https:\/\/fundacionroemmers.org.ar\/wp-content\/uploads\/2025\/02\/Anales-FAJR-Vol-XXV-8x12.jpg 8w\" sizes=\"(max-width: 1811px) 100vw, 1811px\" \/><\/a><\/figure><\/div>\t\t<\/div>\n\t\t\t\t<\/div>\n\t\t\t\t<div class=\"elementor-element elementor-element-142001f8 elementor-widget elementor-widget-heading\" data-id=\"142001f8\" data-element_type=\"widget\" data-widget_type=\"heading.default\">\n\t\t\t\t<div class=\"elementor-widget-container\">\n\t\t\t<h2 class=\"elementor-heading-title elementor-size-default\">Anales de la Fundaci\u00f3n Alberto J. Roemmers Vol. XXV - 2014<\/h2>\t\t<\/div>\n\t\t\t\t<\/div>\n\t\t\t\t<\/div>\n\t\t<div class=\"elementor-element elementor-element-d0ddfb8 e-con-full e-flex e-con e-child\" data-id=\"d0ddfb8\" data-element_type=\"container\" data-settings=\"{&quot;background_background&quot;:&quot;classic&quot;}\">\n\t\t\t\t<div class=\"elementor-element elementor-element-1eec0735 elementor-position-top elementor-position-top elementor-widget elementor-widget-image-box\" data-id=\"1eec0735\" data-element_type=\"widget\" data-widget_type=\"image-box.default\">\n\t\t\t\t<div class=\"elementor-widget-container\">\n\t\t\t<div class=\"elementor-image-box-wrapper\"><figure class=\"elementor-image-box-img\"><a href=\"#elementor-action%3Aaction%3Dpopup%3Aopen%26settings%3DeyJpZCI6IjU3NDEiLCJ0b2dnbGUiOmZhbHNlfQ%3D%3D\" tabindex=\"-1\"><img loading=\"lazy\" decoding=\"async\" width=\"301\" height=\"414\" src=\"https:\/\/fundacionroemmers.org.ar\/wp-content\/uploads\/2024\/09\/Mesa-de-trabajo-1-copia-34.jpg\" class=\"attachment-full size-full wp-image-5297\" alt=\"\" srcset=\"https:\/\/fundacionroemmers.org.ar\/wp-content\/uploads\/2024\/09\/Mesa-de-trabajo-1-copia-34.jpg 301w, https:\/\/fundacionroemmers.org.ar\/wp-content\/uploads\/2024\/09\/Mesa-de-trabajo-1-copia-34-218x300.jpg 218w\" sizes=\"(max-width: 301px) 100vw, 301px\" \/><\/a><\/figure><\/div>\t\t<\/div>\n\t\t\t\t<\/div>\n\t\t\t\t<div class=\"elementor-element elementor-element-12458fea elementor-widget elementor-widget-heading\" data-id=\"12458fea\" data-element_type=\"widget\" data-widget_type=\"heading.default\">\n\t\t\t\t<div class=\"elementor-widget-container\">\n\t\t\t<h2 class=\"elementor-heading-title elementor-size-default\">Enfermer\u00eda en Patolog\u00eda Respiratoria - 2013<\/h2>\t\t<\/div>\n\t\t\t\t<\/div>\n\t\t\t\t<\/div>\n\t\t<div class=\"elementor-element elementor-element-25d90bf6 e-con-full e-flex e-con e-child\" data-id=\"25d90bf6\" data-element_type=\"container\" data-settings=\"{&quot;background_background&quot;:&quot;classic&quot;}\">\n\t\t\t\t<div class=\"elementor-element elementor-element-1776e810 elementor-position-top elementor-position-top elementor-widget elementor-widget-image-box\" data-id=\"1776e810\" data-element_type=\"widget\" data-widget_type=\"image-box.default\">\n\t\t\t\t<div class=\"elementor-widget-container\">\n\t\t\t<div class=\"elementor-image-box-wrapper\"><figure class=\"elementor-image-box-img\"><a href=\"#elementor-action%3Aaction%3Dpopup%3Aopen%26settings%3DeyJpZCI6IjU3NDEiLCJ0b2dnbGUiOmZhbHNlfQ%3D%3D\" tabindex=\"-1\"><img loading=\"lazy\" decoding=\"async\" width=\"1811\" height=\"2560\" src=\"https:\/\/fundacionroemmers.org.ar\/wp-content\/uploads\/2025\/02\/Anales-FAJR-Vol-XXIV-scaled.jpg\" class=\"attachment-full size-full wp-image-6772\" alt=\"\" srcset=\"https:\/\/fundacionroemmers.org.ar\/wp-content\/uploads\/2025\/02\/Anales-FAJR-Vol-XXIV-scaled.jpg 1811w, https:\/\/fundacionroemmers.org.ar\/wp-content\/uploads\/2025\/02\/Anales-FAJR-Vol-XXIV-212x300.jpg 212w, https:\/\/fundacionroemmers.org.ar\/wp-content\/uploads\/2025\/02\/Anales-FAJR-Vol-XXIV-724x1024.jpg 724w, https:\/\/fundacionroemmers.org.ar\/wp-content\/uploads\/2025\/02\/Anales-FAJR-Vol-XXIV-768x1086.jpg 768w, https:\/\/fundacionroemmers.org.ar\/wp-content\/uploads\/2025\/02\/Anales-FAJR-Vol-XXIV-1086x1536.jpg 1086w, https:\/\/fundacionroemmers.org.ar\/wp-content\/uploads\/2025\/02\/Anales-FAJR-Vol-XXIV-1449x2048.jpg 1449w, https:\/\/fundacionroemmers.org.ar\/wp-content\/uploads\/2025\/02\/Anales-FAJR-Vol-XXIV-8x12.jpg 8w\" sizes=\"(max-width: 1811px) 100vw, 1811px\" \/><\/a><\/figure><\/div>\t\t<\/div>\n\t\t\t\t<\/div>\n\t\t\t\t<div class=\"elementor-element elementor-element-4db8e64f elementor-widget elementor-widget-heading\" data-id=\"4db8e64f\" data-element_type=\"widget\" data-widget_type=\"heading.default\">\n\t\t\t\t<div class=\"elementor-widget-container\">\n\t\t\t<h2 class=\"elementor-heading-title elementor-size-default\">Anales de la Fundaci\u00f3n Alberto J. Roemmers Vol. XXIV - 2013<\/h2>\t\t<\/div>\n\t\t\t\t<\/div>\n\t\t\t\t<\/div>\n\t\t<div class=\"elementor-element elementor-element-3f156f77 e-con-full e-flex e-con e-child\" data-id=\"3f156f77\" data-element_type=\"container\" data-settings=\"{&quot;background_background&quot;:&quot;classic&quot;}\">\n\t\t\t\t<div class=\"elementor-element elementor-element-c249f1f elementor-position-top elementor-position-top elementor-widget elementor-widget-image-box\" data-id=\"c249f1f\" data-element_type=\"widget\" data-widget_type=\"image-box.default\">\n\t\t\t\t<div class=\"elementor-widget-container\">\n\t\t\t<div class=\"elementor-image-box-wrapper\"><figure class=\"elementor-image-box-img\"><a href=\"#elementor-action%3Aaction%3Dpopup%3Aopen%26settings%3DeyJpZCI6IjU3NDEiLCJ0b2dnbGUiOmZhbHNlfQ%3D%3D\" tabindex=\"-1\"><img loading=\"lazy\" decoding=\"async\" width=\"301\" height=\"414\" src=\"https:\/\/fundacionroemmers.org.ar\/wp-content\/uploads\/2024\/09\/Mesa-de-trabajo-1-copia-38.jpg\" class=\"attachment-full size-full wp-image-5293\" alt=\"\" srcset=\"https:\/\/fundacionroemmers.org.ar\/wp-content\/uploads\/2024\/09\/Mesa-de-trabajo-1-copia-38.jpg 301w, https:\/\/fundacionroemmers.org.ar\/wp-content\/uploads\/2024\/09\/Mesa-de-trabajo-1-copia-38-218x300.jpg 218w\" sizes=\"(max-width: 301px) 100vw, 301px\" \/><\/a><\/figure><\/div>\t\t<\/div>\n\t\t\t\t<\/div>\n\t\t\t\t<div class=\"elementor-element elementor-element-6c7f3508 elementor-widget elementor-widget-heading\" data-id=\"6c7f3508\" data-element_type=\"widget\" data-widget_type=\"heading.default\">\n\t\t\t\t<div class=\"elementor-widget-container\">\n\t\t\t<h2 class=\"elementor-heading-title elementor-size-default\">Enfermer\u00eda en Curaci\u00f3n de Heridas - 2012<\/h2>\t\t<\/div>\n\t\t\t\t<\/div>\n\t\t\t\t<\/div>\n\t\t<div class=\"elementor-element elementor-element-77e1a839 e-con-full e-flex e-con e-child\" data-id=\"77e1a839\" data-element_type=\"container\" data-settings=\"{&quot;background_background&quot;:&quot;classic&quot;}\">\n\t\t\t\t<div class=\"elementor-element elementor-element-61c9b08a elementor-position-top elementor-position-top elementor-widget elementor-widget-image-box\" data-id=\"61c9b08a\" data-element_type=\"widget\" data-widget_type=\"image-box.default\">\n\t\t\t\t<div class=\"elementor-widget-container\">\n\t\t\t<div class=\"elementor-image-box-wrapper\"><figure class=\"elementor-image-box-img\"><a href=\"#elementor-action%3Aaction%3Dpopup%3Aopen%26settings%3DeyJpZCI6IjU3NDEiLCJ0b2dnbGUiOmZhbHNlfQ%3D%3D\" tabindex=\"-1\"><img loading=\"lazy\" decoding=\"async\" width=\"300\" height=\"414\" src=\"https:\/\/fundacionroemmers.org.ar\/wp-content\/uploads\/2024\/09\/Mesa-de-trabajo-1-copia-35.jpg\" class=\"attachment-full size-full wp-image-5298\" alt=\"\" srcset=\"https:\/\/fundacionroemmers.org.ar\/wp-content\/uploads\/2024\/09\/Mesa-de-trabajo-1-copia-35.jpg 300w, https:\/\/fundacionroemmers.org.ar\/wp-content\/uploads\/2024\/09\/Mesa-de-trabajo-1-copia-35-217x300.jpg 217w\" sizes=\"(max-width: 300px) 100vw, 300px\" \/><\/a><\/figure><\/div>\t\t<\/div>\n\t\t\t\t<\/div>\n\t\t\t\t<div class=\"elementor-element elementor-element-79d745d1 elementor-widget elementor-widget-heading\" data-id=\"79d745d1\" data-element_type=\"widget\" data-widget_type=\"heading.default\">\n\t\t\t\t<div class=\"elementor-widget-container\">\n\t\t\t<h2 class=\"elementor-heading-title elementor-size-default\">Medicina y Cuidados Paliativos - 2012<\/h2>\t\t<\/div>\n\t\t\t\t<\/div>\n\t\t\t\t<\/div>\n\t\t\t\t<\/div>\n\t\t<div class=\"elementor-element elementor-element-289c143b e-con-full e-flex e-con e-child\" data-id=\"289c143b\" data-element_type=\"container\">\n\t\t<div class=\"elementor-element elementor-element-51521933 e-con-full e-flex e-con e-child\" data-id=\"51521933\" data-element_type=\"container\" data-settings=\"{&quot;background_background&quot;:&quot;classic&quot;}\">\n\t\t\t\t<div class=\"elementor-element elementor-element-33f8af9e elementor-position-top elementor-position-top elementor-widget elementor-widget-image-box\" data-id=\"33f8af9e\" data-element_type=\"widget\" data-widget_type=\"image-box.default\">\n\t\t\t\t<div class=\"elementor-widget-container\">\n\t\t\t<div class=\"elementor-image-box-wrapper\"><figure class=\"elementor-image-box-img\"><a href=\"#elementor-action%3Aaction%3Dpopup%3Aopen%26settings%3DeyJpZCI6IjU3NDEiLCJ0b2dnbGUiOmZhbHNlfQ%3D%3D\" tabindex=\"-1\"><img loading=\"lazy\" decoding=\"async\" width=\"1811\" height=\"2560\" src=\"https:\/\/fundacionroemmers.org.ar\/wp-content\/uploads\/2025\/02\/Anales-FAJR-Vol-XXIII-scaled.jpg\" class=\"attachment-full size-full wp-image-6771\" alt=\"\" srcset=\"https:\/\/fundacionroemmers.org.ar\/wp-content\/uploads\/2025\/02\/Anales-FAJR-Vol-XXIII-scaled.jpg 1811w, https:\/\/fundacionroemmers.org.ar\/wp-content\/uploads\/2025\/02\/Anales-FAJR-Vol-XXIII-212x300.jpg 212w, https:\/\/fundacionroemmers.org.ar\/wp-content\/uploads\/2025\/02\/Anales-FAJR-Vol-XXIII-724x1024.jpg 724w, https:\/\/fundacionroemmers.org.ar\/wp-content\/uploads\/2025\/02\/Anales-FAJR-Vol-XXIII-768x1086.jpg 768w, https:\/\/fundacionroemmers.org.ar\/wp-content\/uploads\/2025\/02\/Anales-FAJR-Vol-XXIII-1086x1536.jpg 1086w, https:\/\/fundacionroemmers.org.ar\/wp-content\/uploads\/2025\/02\/Anales-FAJR-Vol-XXIII-1449x2048.jpg 1449w, https:\/\/fundacionroemmers.org.ar\/wp-content\/uploads\/2025\/02\/Anales-FAJR-Vol-XXIII-8x12.jpg 8w\" sizes=\"(max-width: 1811px) 100vw, 1811px\" \/><\/a><\/figure><\/div>\t\t<\/div>\n\t\t\t\t<\/div>\n\t\t\t\t<div class=\"elementor-element elementor-element-25509ee1 elementor-widget elementor-widget-heading\" data-id=\"25509ee1\" data-element_type=\"widget\" data-widget_type=\"heading.default\">\n\t\t\t\t<div class=\"elementor-widget-container\">\n\t\t\t<h2 class=\"elementor-heading-title elementor-size-default\">Anales de la Fundaci\u00f3n Alberto J. Roemmers Vol. XXIII - 2012<\/h2>\t\t<\/div>\n\t\t\t\t<\/div>\n\t\t\t\t<\/div>\n\t\t<div class=\"elementor-element elementor-element-20dd9cda e-con-full e-flex e-con e-child\" data-id=\"20dd9cda\" data-element_type=\"container\" data-settings=\"{&quot;background_background&quot;:&quot;classic&quot;}\">\n\t\t\t\t<div class=\"elementor-element elementor-element-294fba23 elementor-position-top elementor-position-top elementor-widget elementor-widget-image-box\" data-id=\"294fba23\" data-element_type=\"widget\" data-widget_type=\"image-box.default\">\n\t\t\t\t<div class=\"elementor-widget-container\">\n\t\t\t<div class=\"elementor-image-box-wrapper\"><figure class=\"elementor-image-box-img\"><a href=\"#elementor-action%3Aaction%3Dpopup%3Aopen%26settings%3DeyJpZCI6IjU3NDEiLCJ0b2dnbGUiOmZhbHNlfQ%3D%3D\" tabindex=\"-1\"><img loading=\"lazy\" decoding=\"async\" width=\"301\" height=\"414\" src=\"https:\/\/fundacionroemmers.org.ar\/wp-content\/uploads\/2024\/09\/Mesa-de-trabajo-1-copia-37.jpg\" class=\"attachment-full size-full wp-image-5295\" alt=\"\" srcset=\"https:\/\/fundacionroemmers.org.ar\/wp-content\/uploads\/2024\/09\/Mesa-de-trabajo-1-copia-37.jpg 301w, https:\/\/fundacionroemmers.org.ar\/wp-content\/uploads\/2024\/09\/Mesa-de-trabajo-1-copia-37-218x300.jpg 218w\" sizes=\"(max-width: 301px) 100vw, 301px\" \/><\/a><\/figure><\/div>\t\t<\/div>\n\t\t\t\t<\/div>\n\t\t\t\t<div class=\"elementor-element elementor-element-507c815 elementor-widget elementor-widget-heading\" data-id=\"507c815\" data-element_type=\"widget\" data-widget_type=\"heading.default\">\n\t\t\t\t<div class=\"elementor-widget-container\">\n\t\t\t<h2 class=\"elementor-heading-title elementor-size-default\">La Enfermer\u00eda en Procedimientos Invasivos - 2011<\/h2>\t\t<\/div>\n\t\t\t\t<\/div>\n\t\t\t\t<\/div>\n\t\t<div class=\"elementor-element elementor-element-74e207bf e-con-full e-flex e-con e-child\" data-id=\"74e207bf\" data-element_type=\"container\" data-settings=\"{&quot;background_background&quot;:&quot;classic&quot;}\">\n\t\t\t\t<div class=\"elementor-element elementor-element-8602ec elementor-position-top elementor-position-top elementor-widget elementor-widget-image-box\" data-id=\"8602ec\" data-element_type=\"widget\" data-widget_type=\"image-box.default\">\n\t\t\t\t<div class=\"elementor-widget-container\">\n\t\t\t<div class=\"elementor-image-box-wrapper\"><figure class=\"elementor-image-box-img\"><a href=\"#elementor-action%3Aaction%3Dpopup%3Aopen%26settings%3DeyJpZCI6IjU3NDEiLCJ0b2dnbGUiOmZhbHNlfQ%3D%3D\" tabindex=\"-1\"><img loading=\"lazy\" decoding=\"async\" width=\"300\" height=\"414\" src=\"https:\/\/fundacionroemmers.org.ar\/wp-content\/uploads\/2024\/09\/Mesa-de-trabajo-1-copia-40.jpg\" class=\"attachment-full size-full wp-image-5294\" alt=\"\" srcset=\"https:\/\/fundacionroemmers.org.ar\/wp-content\/uploads\/2024\/09\/Mesa-de-trabajo-1-copia-40.jpg 300w, https:\/\/fundacionroemmers.org.ar\/wp-content\/uploads\/2024\/09\/Mesa-de-trabajo-1-copia-40-217x300.jpg 217w\" sizes=\"(max-width: 300px) 100vw, 300px\" \/><\/a><\/figure><\/div>\t\t<\/div>\n\t\t\t\t<\/div>\n\t\t\t\t<div class=\"elementor-element elementor-element-5c50e862 elementor-widget elementor-widget-heading\" data-id=\"5c50e862\" data-element_type=\"widget\" data-widget_type=\"heading.default\">\n\t\t\t\t<div class=\"elementor-widget-container\">\n\t\t\t<h2 class=\"elementor-heading-title elementor-size-default\">Seguridad del Paciente - 2010<\/h2>\t\t<\/div>\n\t\t\t\t<\/div>\n\t\t\t\t<\/div>\n\t\t<div class=\"elementor-element elementor-element-8af58b8 e-con-full e-flex e-con e-child\" data-id=\"8af58b8\" data-element_type=\"container\" data-settings=\"{&quot;background_background&quot;:&quot;classic&quot;}\">\n\t\t\t\t<div class=\"elementor-element elementor-element-390b41b4 elementor-position-top elementor-position-top elementor-widget elementor-widget-image-box\" data-id=\"390b41b4\" data-element_type=\"widget\" data-widget_type=\"image-box.default\">\n\t\t\t\t<div class=\"elementor-widget-container\">\n\t\t\t<div class=\"elementor-image-box-wrapper\"><figure class=\"elementor-image-box-img\"><a href=\"#elementor-action%3Aaction%3Dpopup%3Aopen%26settings%3DeyJpZCI6IjU3NDEiLCJ0b2dnbGUiOmZhbHNlfQ%3D%3D\" tabindex=\"-1\"><img loading=\"lazy\" decoding=\"async\" width=\"301\" height=\"414\" src=\"https:\/\/fundacionroemmers.org.ar\/wp-content\/uploads\/2024\/09\/Mesa-de-trabajo-1-copia-46.jpg\" class=\"attachment-full size-full wp-image-5287\" alt=\"\" srcset=\"https:\/\/fundacionroemmers.org.ar\/wp-content\/uploads\/2024\/09\/Mesa-de-trabajo-1-copia-46.jpg 301w, https:\/\/fundacionroemmers.org.ar\/wp-content\/uploads\/2024\/09\/Mesa-de-trabajo-1-copia-46-218x300.jpg 218w\" sizes=\"(max-width: 301px) 100vw, 301px\" \/><\/a><\/figure><\/div>\t\t<\/div>\n\t\t\t\t<\/div>\n\t\t\t\t<div class=\"elementor-element elementor-element-2d0ae915 elementor-widget elementor-widget-heading\" data-id=\"2d0ae915\" data-element_type=\"widget\" data-widget_type=\"heading.default\">\n\t\t\t\t<div class=\"elementor-widget-container\">\n\t\t\t<h2 class=\"elementor-heading-title elementor-size-default\">El Paciente con Trauma - 2009<\/h2>\t\t<\/div>\n\t\t\t\t<\/div>\n\t\t\t\t<\/div>\n\t\t<div class=\"elementor-element elementor-element-1c827ae9 e-con-full e-flex e-con e-child\" data-id=\"1c827ae9\" data-element_type=\"container\" data-settings=\"{&quot;background_background&quot;:&quot;classic&quot;}\">\n\t\t\t\t<div class=\"elementor-element elementor-element-800722b elementor-position-top elementor-position-top elementor-widget elementor-widget-image-box\" data-id=\"800722b\" data-element_type=\"widget\" data-widget_type=\"image-box.default\">\n\t\t\t\t<div class=\"elementor-widget-container\">\n\t\t\t<div class=\"elementor-image-box-wrapper\"><figure class=\"elementor-image-box-img\"><a href=\"#elementor-action%3Aaction%3Dpopup%3Aopen%26settings%3DeyJpZCI6IjU3NDEiLCJ0b2dnbGUiOmZhbHNlfQ%3D%3D\" tabindex=\"-1\"><img loading=\"lazy\" decoding=\"async\" width=\"300\" height=\"414\" src=\"https:\/\/fundacionroemmers.org.ar\/wp-content\/uploads\/2024\/09\/Mesa-de-trabajo-1-copia-45.jpg\" class=\"attachment-full size-full wp-image-5288\" alt=\"\" srcset=\"https:\/\/fundacionroemmers.org.ar\/wp-content\/uploads\/2024\/09\/Mesa-de-trabajo-1-copia-45.jpg 300w, https:\/\/fundacionroemmers.org.ar\/wp-content\/uploads\/2024\/09\/Mesa-de-trabajo-1-copia-45-217x300.jpg 217w\" sizes=\"(max-width: 300px) 100vw, 300px\" \/><\/a><\/figure><\/div>\t\t<\/div>\n\t\t\t\t<\/div>\n\t\t\t\t<div class=\"elementor-element elementor-element-524ae7e7 elementor-widget elementor-widget-heading\" data-id=\"524ae7e7\" data-element_type=\"widget\" data-widget_type=\"heading.default\">\n\t\t\t\t<div class=\"elementor-widget-container\">\n\t\t\t<h2 class=\"elementor-heading-title elementor-size-default\">Enfermer\u00eda en Diabetes - 2008<\/h2>\t\t<\/div>\n\t\t\t\t<\/div>\n\t\t\t\t<\/div>\n\t\t\t\t<\/div>\n\t\t<div class=\"elementor-element elementor-element-6f80e33c e-con-full e-flex e-con e-child\" data-id=\"6f80e33c\" data-element_type=\"container\">\n\t\t<div class=\"elementor-element elementor-element-7490c2ff e-con-full e-flex e-con e-child\" data-id=\"7490c2ff\" data-element_type=\"container\" data-settings=\"{&quot;background_background&quot;:&quot;classic&quot;}\">\n\t\t\t\t<div class=\"elementor-element elementor-element-3455463d elementor-position-top elementor-position-top elementor-widget elementor-widget-image-box\" data-id=\"3455463d\" data-element_type=\"widget\" data-widget_type=\"image-box.default\">\n\t\t\t\t<div class=\"elementor-widget-container\">\n\t\t\t<div class=\"elementor-image-box-wrapper\"><figure class=\"elementor-image-box-img\"><a href=\"#elementor-action%3Aaction%3Dpopup%3Aopen%26settings%3DeyJpZCI6IjU3NDEiLCJ0b2dnbGUiOmZhbHNlfQ%3D%3D\" tabindex=\"-1\"><img loading=\"lazy\" decoding=\"async\" width=\"301\" height=\"414\" src=\"https:\/\/fundacionroemmers.org.ar\/wp-content\/uploads\/2024\/09\/Mesa-de-trabajo-1-copia-21.jpg\" class=\"attachment-full size-full wp-image-5275\" alt=\"\" srcset=\"https:\/\/fundacionroemmers.org.ar\/wp-content\/uploads\/2024\/09\/Mesa-de-trabajo-1-copia-21.jpg 301w, https:\/\/fundacionroemmers.org.ar\/wp-content\/uploads\/2024\/09\/Mesa-de-trabajo-1-copia-21-218x300.jpg 218w\" sizes=\"(max-width: 301px) 100vw, 301px\" \/><\/a><\/figure><\/div>\t\t<\/div>\n\t\t\t\t<\/div>\n\t\t\t\t<div class=\"elementor-element elementor-element-608c99eb elementor-widget elementor-widget-heading\" data-id=\"608c99eb\" data-element_type=\"widget\" data-widget_type=\"heading.default\">\n\t\t\t\t<div class=\"elementor-widget-container\">\n\t\t\t<h2 class=\"elementor-heading-title elementor-size-default\">Infectolog\u00eda - 2008<\/h2>\t\t<\/div>\n\t\t\t\t<\/div>\n\t\t\t\t<\/div>\n\t\t<div class=\"elementor-element elementor-element-dd4a621 e-con-full e-flex e-con e-child\" data-id=\"dd4a621\" data-element_type=\"container\" data-settings=\"{&quot;background_background&quot;:&quot;classic&quot;}\">\n\t\t\t\t<div class=\"elementor-element elementor-element-2646cd5 elementor-position-top elementor-position-top elementor-widget elementor-widget-image-box\" data-id=\"2646cd5\" data-element_type=\"widget\" data-widget_type=\"image-box.default\">\n\t\t\t\t<div class=\"elementor-widget-container\">\n\t\t\t<div class=\"elementor-image-box-wrapper\"><figure class=\"elementor-image-box-img\"><a href=\"#elementor-action%3Aaction%3Dpopup%3Aopen%26settings%3DeyJpZCI6IjU3NDEiLCJ0b2dnbGUiOmZhbHNlfQ%3D%3D\" tabindex=\"-1\"><img loading=\"lazy\" decoding=\"async\" width=\"301\" height=\"414\" src=\"https:\/\/fundacionroemmers.org.ar\/wp-content\/uploads\/2024\/09\/Mesa-de-trabajo-1-copia-47.jpg\" class=\"attachment-full size-full wp-image-5286\" alt=\"\" srcset=\"https:\/\/fundacionroemmers.org.ar\/wp-content\/uploads\/2024\/09\/Mesa-de-trabajo-1-copia-47.jpg 301w, https:\/\/fundacionroemmers.org.ar\/wp-content\/uploads\/2024\/09\/Mesa-de-trabajo-1-copia-47-218x300.jpg 218w\" sizes=\"(max-width: 301px) 100vw, 301px\" \/><\/a><\/figure><\/div>\t\t<\/div>\n\t\t\t\t<\/div>\n\t\t\t\t<div class=\"elementor-element elementor-element-20fb9080 elementor-widget elementor-widget-heading\" data-id=\"20fb9080\" data-element_type=\"widget\" data-widget_type=\"heading.default\">\n\t\t\t\t<div class=\"elementor-widget-container\">\n\t\t\t<h2 class=\"elementor-heading-title elementor-size-default\">Enfermer\u00eda en Reanimaci\u00f3n Cardiopulmonar - 2007<\/h2>\t\t<\/div>\n\t\t\t\t<\/div>\n\t\t\t\t<\/div>\n\t\t<div class=\"elementor-element elementor-element-2a272adc e-con-full e-flex e-con e-child\" data-id=\"2a272adc\" data-element_type=\"container\" data-settings=\"{&quot;background_background&quot;:&quot;classic&quot;}\">\n\t\t\t\t<div class=\"elementor-element elementor-element-70bc4973 elementor-position-top elementor-position-top elementor-widget elementor-widget-image-box\" data-id=\"70bc4973\" data-element_type=\"widget\" data-widget_type=\"image-box.default\">\n\t\t\t\t<div class=\"elementor-widget-container\">\n\t\t\t<div class=\"elementor-image-box-wrapper\"><figure class=\"elementor-image-box-img\"><a href=\"#elementor-action%3Aaction%3Dpopup%3Aopen%26settings%3DeyJpZCI6IjU3NDEiLCJ0b2dnbGUiOmZhbHNlfQ%3D%3D\" tabindex=\"-1\"><img loading=\"lazy\" decoding=\"async\" width=\"301\" height=\"414\" src=\"https:\/\/fundacionroemmers.org.ar\/wp-content\/uploads\/2024\/09\/Mesa-de-trabajo-1-copia-31.jpg\" class=\"attachment-full size-full wp-image-5266\" alt=\"\" srcset=\"https:\/\/fundacionroemmers.org.ar\/wp-content\/uploads\/2024\/09\/Mesa-de-trabajo-1-copia-31.jpg 301w, https:\/\/fundacionroemmers.org.ar\/wp-content\/uploads\/2024\/09\/Mesa-de-trabajo-1-copia-31-218x300.jpg 218w\" sizes=\"(max-width: 301px) 100vw, 301px\" \/><\/a><\/figure><\/div>\t\t<\/div>\n\t\t\t\t<\/div>\n\t\t\t\t<div class=\"elementor-element elementor-element-341242b7 elementor-widget elementor-widget-heading\" data-id=\"341242b7\" data-element_type=\"widget\" data-widget_type=\"heading.default\">\n\t\t\t\t<div class=\"elementor-widget-container\">\n\t\t\t<h2 class=\"elementor-heading-title elementor-size-default\">El Paciente con Dolor - 2006<\/h2>\t\t<\/div>\n\t\t\t\t<\/div>\n\t\t\t\t<\/div>\n\t\t<div class=\"elementor-element elementor-element-3c583782 e-con-full e-flex e-con e-child\" data-id=\"3c583782\" data-element_type=\"container\" data-settings=\"{&quot;background_background&quot;:&quot;classic&quot;}\">\n\t\t\t\t<div class=\"elementor-element elementor-element-3b4af2c0 elementor-position-top elementor-position-top elementor-widget elementor-widget-image-box\" data-id=\"3b4af2c0\" data-element_type=\"widget\" data-widget_type=\"image-box.default\">\n\t\t\t\t<div class=\"elementor-widget-container\">\n\t\t\t<div class=\"elementor-image-box-wrapper\"><figure class=\"elementor-image-box-img\"><a href=\"#elementor-action%3Aaction%3Dpopup%3Aopen%26settings%3DeyJpZCI6IjU3NDEiLCJ0b2dnbGUiOmZhbHNlfQ%3D%3D\" tabindex=\"-1\"><img loading=\"lazy\" decoding=\"async\" width=\"301\" height=\"414\" src=\"https:\/\/fundacionroemmers.org.ar\/wp-content\/uploads\/2024\/09\/Mesa-de-trabajo-1-copia-18.jpg\" class=\"attachment-full size-full wp-image-5276\" alt=\"\" srcset=\"https:\/\/fundacionroemmers.org.ar\/wp-content\/uploads\/2024\/09\/Mesa-de-trabajo-1-copia-18.jpg 301w, https:\/\/fundacionroemmers.org.ar\/wp-content\/uploads\/2024\/09\/Mesa-de-trabajo-1-copia-18-218x300.jpg 218w\" sizes=\"(max-width: 301px) 100vw, 301px\" \/><\/a><\/figure><\/div>\t\t<\/div>\n\t\t\t\t<\/div>\n\t\t\t\t<div class=\"elementor-element elementor-element-6623c888 elementor-widget elementor-widget-heading\" data-id=\"6623c888\" data-element_type=\"widget\" data-widget_type=\"heading.default\">\n\t\t\t\t<div class=\"elementor-widget-container\">\n\t\t\t<h2 class=\"elementor-heading-title elementor-size-default\">Hemorragia y Tromboembolismo en Oncolog\u00eda - 2005<\/h2>\t\t<\/div>\n\t\t\t\t<\/div>\n\t\t\t\t<\/div>\n\t\t<div class=\"elementor-element elementor-element-72df6147 e-con-full e-flex e-con e-child\" data-id=\"72df6147\" data-element_type=\"container\" data-settings=\"{&quot;background_background&quot;:&quot;classic&quot;}\">\n\t\t\t\t<div class=\"elementor-element elementor-element-2761fb3b elementor-position-top elementor-position-top elementor-widget elementor-widget-image-box\" data-id=\"2761fb3b\" data-element_type=\"widget\" data-widget_type=\"image-box.default\">\n\t\t\t\t<div class=\"elementor-widget-container\">\n\t\t\t<div class=\"elementor-image-box-wrapper\"><figure class=\"elementor-image-box-img\"><a href=\"#elementor-action%3Aaction%3Dpopup%3Aopen%26settings%3DeyJpZCI6IjU3NDEiLCJ0b2dnbGUiOmZhbHNlfQ%3D%3D\" tabindex=\"-1\"><img loading=\"lazy\" decoding=\"async\" width=\"301\" height=\"414\" src=\"https:\/\/fundacionroemmers.org.ar\/wp-content\/uploads\/2024\/09\/Mesa-de-trabajo-1-copia-33.jpg\" class=\"attachment-full size-full wp-image-5265\" alt=\"\" srcset=\"https:\/\/fundacionroemmers.org.ar\/wp-content\/uploads\/2024\/09\/Mesa-de-trabajo-1-copia-33.jpg 301w, https:\/\/fundacionroemmers.org.ar\/wp-content\/uploads\/2024\/09\/Mesa-de-trabajo-1-copia-33-218x300.jpg 218w\" sizes=\"(max-width: 301px) 100vw, 301px\" \/><\/a><\/figure><\/div>\t\t<\/div>\n\t\t\t\t<\/div>\n\t\t\t\t<div class=\"elementor-element elementor-element-6283c644 elementor-widget elementor-widget-heading\" data-id=\"6283c644\" data-element_type=\"widget\" data-widget_type=\"heading.default\">\n\t\t\t\t<div class=\"elementor-widget-container\">\n\t\t\t<h2 class=\"elementor-heading-title elementor-size-default\">Protocolos de Enfermer\u00eda - 2005<\/h2>\t\t<\/div>\n\t\t\t\t<\/div>\n\t\t\t\t<\/div>\n\t\t\t\t<\/div>\n\t\t<div class=\"elementor-element elementor-element-1b1f5a76 e-con-full e-flex e-con e-child\" data-id=\"1b1f5a76\" data-element_type=\"container\">\n\t\t<div class=\"elementor-element elementor-element-41048a5c e-con-full e-flex e-con e-child\" data-id=\"41048a5c\" data-element_type=\"container\" data-settings=\"{&quot;background_background&quot;:&quot;classic&quot;}\">\n\t\t\t\t<div class=\"elementor-element elementor-element-7f53809c elementor-position-top elementor-position-top elementor-widget elementor-widget-image-box\" data-id=\"7f53809c\" data-element_type=\"widget\" data-widget_type=\"image-box.default\">\n\t\t\t\t<div class=\"elementor-widget-container\">\n\t\t\t<div class=\"elementor-image-box-wrapper\"><figure class=\"elementor-image-box-img\"><a href=\"#elementor-action%3Aaction%3Dpopup%3Aopen%26settings%3DeyJpZCI6IjU3NDEiLCJ0b2dnbGUiOmZhbHNlfQ%3D%3D\" tabindex=\"-1\"><img loading=\"lazy\" decoding=\"async\" width=\"301\" height=\"414\" src=\"https:\/\/fundacionroemmers.org.ar\/wp-content\/uploads\/2024\/09\/Mesa-de-trabajo-1-copia-49.jpg\" class=\"attachment-full size-full wp-image-5272\" alt=\"\" srcset=\"https:\/\/fundacionroemmers.org.ar\/wp-content\/uploads\/2024\/09\/Mesa-de-trabajo-1-copia-49.jpg 301w, https:\/\/fundacionroemmers.org.ar\/wp-content\/uploads\/2024\/09\/Mesa-de-trabajo-1-copia-49-218x300.jpg 218w\" sizes=\"(max-width: 301px) 100vw, 301px\" \/><\/a><\/figure><\/div>\t\t<\/div>\n\t\t\t\t<\/div>\n\t\t\t\t<div class=\"elementor-element elementor-element-19de9ce9 elementor-widget elementor-widget-heading\" data-id=\"19de9ce9\" data-element_type=\"widget\" data-widget_type=\"heading.default\">\n\t\t\t\t<div class=\"elementor-widget-container\">\n\t\t\t<h2 class=\"elementor-heading-title elementor-size-default\">Insuficiencia Card\u00edaca - 2002<\/h2>\t\t<\/div>\n\t\t\t\t<\/div>\n\t\t\t\t<\/div>\n\t\t<div class=\"elementor-element elementor-element-3bbbaf71 e-con-full e-flex e-con e-child\" data-id=\"3bbbaf71\" data-element_type=\"container\" data-settings=\"{&quot;background_background&quot;:&quot;classic&quot;}\">\n\t\t\t\t<div class=\"elementor-element elementor-element-2c8dd56e elementor-position-top elementor-position-top elementor-widget elementor-widget-image-box\" data-id=\"2c8dd56e\" data-element_type=\"widget\" data-widget_type=\"image-box.default\">\n\t\t\t\t<div class=\"elementor-widget-container\">\n\t\t\t<div class=\"elementor-image-box-wrapper\"><figure class=\"elementor-image-box-img\"><a href=\"#elementor-action%3Aaction%3Dpopup%3Aopen%26settings%3DeyJpZCI6IjU3NDEiLCJ0b2dnbGUiOmZhbHNlfQ%3D%3D\" tabindex=\"-1\"><img loading=\"lazy\" decoding=\"async\" width=\"301\" height=\"414\" src=\"https:\/\/fundacionroemmers.org.ar\/wp-content\/uploads\/2024\/09\/Mesa-de-trabajo-1-copia-14.jpg\" class=\"attachment-full size-full wp-image-5284\" alt=\"\" srcset=\"https:\/\/fundacionroemmers.org.ar\/wp-content\/uploads\/2024\/09\/Mesa-de-trabajo-1-copia-14.jpg 301w, https:\/\/fundacionroemmers.org.ar\/wp-content\/uploads\/2024\/09\/Mesa-de-trabajo-1-copia-14-218x300.jpg 218w\" sizes=\"(max-width: 301px) 100vw, 301px\" \/><\/a><\/figure><\/div>\t\t<\/div>\n\t\t\t\t<\/div>\n\t\t\t\t<div class=\"elementor-element elementor-element-530d225c elementor-widget elementor-widget-heading\" data-id=\"530d225c\" data-element_type=\"widget\" data-widget_type=\"heading.default\">\n\t\t\t\t<div class=\"elementor-widget-container\">\n\t\t\t<h2 class=\"elementor-heading-title elementor-size-default\">Prevenci\u00f3n de Infecciones - 2002<\/h2>\t\t<\/div>\n\t\t\t\t<\/div>\n\t\t\t\t<\/div>\n\t\t<div class=\"elementor-element elementor-element-47a94eb1 e-con-full e-flex e-con e-child\" data-id=\"47a94eb1\" data-element_type=\"container\" data-settings=\"{&quot;background_background&quot;:&quot;classic&quot;}\">\n\t\t\t\t<div class=\"elementor-element elementor-element-2a12c447 elementor-position-top elementor-position-top elementor-widget elementor-widget-image-box\" data-id=\"2a12c447\" data-element_type=\"widget\" data-widget_type=\"image-box.default\">\n\t\t\t\t<div class=\"elementor-widget-container\">\n\t\t\t<div class=\"elementor-image-box-wrapper\"><figure class=\"elementor-image-box-img\"><a href=\"#elementor-action%3Aaction%3Dpopup%3Aopen%26settings%3DeyJpZCI6IjU3NDEiLCJ0b2dnbGUiOmZhbHNlfQ%3D%3D\" tabindex=\"-1\"><img loading=\"lazy\" decoding=\"async\" width=\"301\" height=\"414\" src=\"https:\/\/fundacionroemmers.org.ar\/wp-content\/uploads\/2024\/09\/Mesa-de-trabajo-1-copia-4.jpg\" class=\"attachment-full size-full wp-image-5258\" alt=\"\" srcset=\"https:\/\/fundacionroemmers.org.ar\/wp-content\/uploads\/2024\/09\/Mesa-de-trabajo-1-copia-4.jpg 301w, https:\/\/fundacionroemmers.org.ar\/wp-content\/uploads\/2024\/09\/Mesa-de-trabajo-1-copia-4-218x300.jpg 218w\" sizes=\"(max-width: 301px) 100vw, 301px\" \/><\/a><\/figure><\/div>\t\t<\/div>\n\t\t\t\t<\/div>\n\t\t\t\t<div class=\"elementor-element elementor-element-492c021c elementor-widget elementor-widget-heading\" data-id=\"492c021c\" data-element_type=\"widget\" data-widget_type=\"heading.default\">\n\t\t\t\t<div class=\"elementor-widget-container\">\n\t\t\t<h2 class=\"elementor-heading-title elementor-size-default\">Enfermer\u00eda y Trasplante de \u00d3rganos - 2001<\/h2>\t\t<\/div>\n\t\t\t\t<\/div>\n\t\t\t\t<\/div>\n\t\t<div class=\"elementor-element elementor-element-58d8e7a9 e-con-full e-flex e-con e-child\" data-id=\"58d8e7a9\" data-element_type=\"container\" data-settings=\"{&quot;background_background&quot;:&quot;classic&quot;}\">\n\t\t\t\t<div class=\"elementor-element elementor-element-2c45be15 elementor-position-top elementor-position-top elementor-widget elementor-widget-image-box\" data-id=\"2c45be15\" data-element_type=\"widget\" data-widget_type=\"image-box.default\">\n\t\t\t\t<div class=\"elementor-widget-container\">\n\t\t\t<div class=\"elementor-image-box-wrapper\"><figure class=\"elementor-image-box-img\"><a href=\"#elementor-action%3Aaction%3Dpopup%3Aopen%26settings%3DeyJpZCI6IjU3NDEiLCJ0b2dnbGUiOmZhbHNlfQ%3D%3D\" tabindex=\"-1\"><img loading=\"lazy\" decoding=\"async\" width=\"301\" height=\"414\" src=\"https:\/\/fundacionroemmers.org.ar\/wp-content\/uploads\/2024\/09\/Mesa-de-trabajo-1-copia-7.jpg\" class=\"attachment-full size-full wp-image-5255\" alt=\"\" srcset=\"https:\/\/fundacionroemmers.org.ar\/wp-content\/uploads\/2024\/09\/Mesa-de-trabajo-1-copia-7.jpg 301w, https:\/\/fundacionroemmers.org.ar\/wp-content\/uploads\/2024\/09\/Mesa-de-trabajo-1-copia-7-218x300.jpg 218w\" sizes=\"(max-width: 301px) 100vw, 301px\" \/><\/a><\/figure><\/div>\t\t<\/div>\n\t\t\t\t<\/div>\n\t\t\t\t<div class=\"elementor-element elementor-element-320fe2d9 elementor-widget elementor-widget-heading\" data-id=\"320fe2d9\" data-element_type=\"widget\" data-widget_type=\"heading.default\">\n\t\t\t\t<div class=\"elementor-widget-container\">\n\t\t\t<h2 class=\"elementor-heading-title elementor-size-default\">S\u00edndrome Plurimetab\u00f3lico - 2001<\/h2>\t\t<\/div>\n\t\t\t\t<\/div>\n\t\t\t\t<\/div>\n\t\t<div class=\"elementor-element elementor-element-4c4db8f2 e-con-full e-flex e-con e-child\" data-id=\"4c4db8f2\" data-element_type=\"container\" data-settings=\"{&quot;background_background&quot;:&quot;classic&quot;}\">\n\t\t\t\t<div class=\"elementor-element elementor-element-12e3e86 elementor-position-top elementor-position-top elementor-widget elementor-widget-image-box\" data-id=\"12e3e86\" data-element_type=\"widget\" data-widget_type=\"image-box.default\">\n\t\t\t\t<div class=\"elementor-widget-container\">\n\t\t\t<div class=\"elementor-image-box-wrapper\"><figure class=\"elementor-image-box-img\"><a href=\"#elementor-action%3Aaction%3Dpopup%3Aopen%26settings%3DeyJpZCI6IjU3NDEiLCJ0b2dnbGUiOmZhbHNlfQ%3D%3D\" tabindex=\"-1\"><img loading=\"lazy\" decoding=\"async\" width=\"300\" height=\"414\" src=\"https:\/\/fundacionroemmers.org.ar\/wp-content\/uploads\/2024\/09\/Mesa-de-trabajo-1-copia-25.jpg\" class=\"attachment-full size-full wp-image-5273\" alt=\"\" srcset=\"https:\/\/fundacionroemmers.org.ar\/wp-content\/uploads\/2024\/09\/Mesa-de-trabajo-1-copia-25.jpg 300w, https:\/\/fundacionroemmers.org.ar\/wp-content\/uploads\/2024\/09\/Mesa-de-trabajo-1-copia-25-217x300.jpg 217w\" sizes=\"(max-width: 300px) 100vw, 300px\" \/><\/a><\/figure><\/div>\t\t<\/div>\n\t\t\t\t<\/div>\n\t\t\t\t<div class=\"elementor-element elementor-element-72ec4308 elementor-widget elementor-widget-heading\" data-id=\"72ec4308\" data-element_type=\"widget\" data-widget_type=\"heading.default\">\n\t\t\t\t<div class=\"elementor-widget-container\">\n\t\t\t<h2 class=\"elementor-heading-title elementor-size-default\">Trasplantolog\u00eda en el Siglo XXI - Consideraciones de Orden \u00c9tico - 2001<\/h2>\t\t<\/div>\n\t\t\t\t<\/div>\n\t\t\t\t<\/div>\n\t\t\t\t<\/div>\n\t\t<div class=\"elementor-element elementor-element-197ebdac e-con-full e-flex e-con e-child\" data-id=\"197ebdac\" data-element_type=\"container\">\n\t\t<div class=\"elementor-element elementor-element-459c46e8 e-con-full e-flex e-con e-child\" data-id=\"459c46e8\" data-element_type=\"container\" data-settings=\"{&quot;background_background&quot;:&quot;classic&quot;}\">\n\t\t\t\t<div class=\"elementor-element elementor-element-15cded4c elementor-position-top elementor-position-top elementor-widget elementor-widget-image-box\" data-id=\"15cded4c\" data-element_type=\"widget\" data-widget_type=\"image-box.default\">\n\t\t\t\t<div class=\"elementor-widget-container\">\n\t\t\t<div class=\"elementor-image-box-wrapper\"><figure class=\"elementor-image-box-img\"><a href=\"#elementor-action%3Aaction%3Dpopup%3Aopen%26settings%3DeyJpZCI6IjU3NDEiLCJ0b2dnbGUiOmZhbHNlfQ%3D%3D\" tabindex=\"-1\"><img loading=\"lazy\" decoding=\"async\" width=\"301\" height=\"414\" src=\"https:\/\/fundacionroemmers.org.ar\/wp-content\/uploads\/2024\/09\/Mesa-de-trabajo-1-copia-26.jpg\" class=\"attachment-full size-full wp-image-5270\" alt=\"\" srcset=\"https:\/\/fundacionroemmers.org.ar\/wp-content\/uploads\/2024\/09\/Mesa-de-trabajo-1-copia-26.jpg 301w, https:\/\/fundacionroemmers.org.ar\/wp-content\/uploads\/2024\/09\/Mesa-de-trabajo-1-copia-26-218x300.jpg 218w\" sizes=\"(max-width: 301px) 100vw, 301px\" \/><\/a><\/figure><\/div>\t\t<\/div>\n\t\t\t\t<\/div>\n\t\t\t\t<div class=\"elementor-element elementor-element-36c3d58b elementor-widget elementor-widget-heading\" data-id=\"36c3d58b\" data-element_type=\"widget\" data-widget_type=\"heading.default\">\n\t\t\t\t<div class=\"elementor-widget-container\">\n\t\t\t<h2 class=\"elementor-heading-title elementor-size-default\">Implantes y Oseointegraci\u00f3n - 2000<\/h2>\t\t<\/div>\n\t\t\t\t<\/div>\n\t\t\t\t<\/div>\n\t\t<div class=\"elementor-element elementor-element-32aafcbc e-con-full e-flex e-con e-child\" data-id=\"32aafcbc\" data-element_type=\"container\" data-settings=\"{&quot;background_background&quot;:&quot;classic&quot;}\">\n\t\t\t\t<div class=\"elementor-element elementor-element-543999cd elementor-position-top elementor-position-top elementor-widget elementor-widget-image-box\" data-id=\"543999cd\" data-element_type=\"widget\" data-widget_type=\"image-box.default\">\n\t\t\t\t<div class=\"elementor-widget-container\">\n\t\t\t<div class=\"elementor-image-box-wrapper\"><figure class=\"elementor-image-box-img\"><a href=\"#elementor-action%3Aaction%3Dpopup%3Aopen%26settings%3DeyJpZCI6IjU3NDEiLCJ0b2dnbGUiOmZhbHNlfQ%3D%3D\" tabindex=\"-1\"><img loading=\"lazy\" decoding=\"async\" width=\"301\" height=\"414\" src=\"https:\/\/fundacionroemmers.org.ar\/wp-content\/uploads\/2024\/09\/Mesa-de-trabajo-1-copia-3.jpg\" class=\"attachment-full size-full wp-image-5259\" alt=\"\" srcset=\"https:\/\/fundacionroemmers.org.ar\/wp-content\/uploads\/2024\/09\/Mesa-de-trabajo-1-copia-3.jpg 301w, https:\/\/fundacionroemmers.org.ar\/wp-content\/uploads\/2024\/09\/Mesa-de-trabajo-1-copia-3-218x300.jpg 218w\" sizes=\"(max-width: 301px) 100vw, 301px\" \/><\/a><\/figure><\/div>\t\t<\/div>\n\t\t\t\t<\/div>\n\t\t\t\t<div class=\"elementor-element elementor-element-4f5db5df elementor-widget elementor-widget-heading\" data-id=\"4f5db5df\" data-element_type=\"widget\" data-widget_type=\"heading.default\">\n\t\t\t\t<div class=\"elementor-widget-container\">\n\t\t\t<h2 class=\"elementor-heading-title elementor-size-default\">La Enfermer\u00eda en Cuidados Intensivos - 2000<\/h2>\t\t<\/div>\n\t\t\t\t<\/div>\n\t\t\t\t<\/div>\n\t\t<div class=\"elementor-element elementor-element-4ee61877 e-con-full e-flex e-con e-child\" data-id=\"4ee61877\" data-element_type=\"container\" data-settings=\"{&quot;background_background&quot;:&quot;classic&quot;}\">\n\t\t\t\t<div class=\"elementor-element elementor-element-bba5908 elementor-position-top elementor-position-top elementor-widget elementor-widget-image-box\" data-id=\"bba5908\" data-element_type=\"widget\" data-widget_type=\"image-box.default\">\n\t\t\t\t<div class=\"elementor-widget-container\">\n\t\t\t<div class=\"elementor-image-box-wrapper\"><figure class=\"elementor-image-box-img\"><a href=\"#elementor-action%3Aaction%3Dpopup%3Aopen%26settings%3DeyJpZCI6IjU3NDEiLCJ0b2dnbGUiOmZhbHNlfQ%3D%3D\" tabindex=\"-1\"><img loading=\"lazy\" decoding=\"async\" width=\"300\" height=\"414\" src=\"https:\/\/fundacionroemmers.org.ar\/wp-content\/uploads\/2024\/09\/Mesa-de-trabajo-1-copia-20.jpg\" class=\"attachment-full size-full wp-image-5274\" alt=\"\" srcset=\"https:\/\/fundacionroemmers.org.ar\/wp-content\/uploads\/2024\/09\/Mesa-de-trabajo-1-copia-20.jpg 300w, https:\/\/fundacionroemmers.org.ar\/wp-content\/uploads\/2024\/09\/Mesa-de-trabajo-1-copia-20-217x300.jpg 217w\" sizes=\"(max-width: 300px) 100vw, 300px\" \/><\/a><\/figure><\/div>\t\t<\/div>\n\t\t\t\t<\/div>\n\t\t\t\t<div class=\"elementor-element elementor-element-53f340df elementor-widget elementor-widget-heading\" data-id=\"53f340df\" data-element_type=\"widget\" data-widget_type=\"heading.default\">\n\t\t\t\t<div class=\"elementor-widget-container\">\n\t\t\t<h2 class=\"elementor-heading-title elementor-size-default\">Procuraci\u00f3n y Trasplante de \u00d3rganos - 2000<\/h2>\t\t<\/div>\n\t\t\t\t<\/div>\n\t\t\t\t<\/div>\n\t\t<div class=\"elementor-element elementor-element-554f3ca2 e-con-full e-flex e-con e-child\" data-id=\"554f3ca2\" data-element_type=\"container\" data-settings=\"{&quot;background_background&quot;:&quot;classic&quot;}\">\n\t\t\t\t<div class=\"elementor-element elementor-element-55f88eb2 elementor-position-top elementor-position-top elementor-widget elementor-widget-image-box\" data-id=\"55f88eb2\" data-element_type=\"widget\" data-widget_type=\"image-box.default\">\n\t\t\t\t<div class=\"elementor-widget-container\">\n\t\t\t<div class=\"elementor-image-box-wrapper\"><figure class=\"elementor-image-box-img\"><a href=\"#elementor-action%3Aaction%3Dpopup%3Aopen%26settings%3DeyJpZCI6IjU3NDEiLCJ0b2dnbGUiOmZhbHNlfQ%3D%3D\" tabindex=\"-1\"><img loading=\"lazy\" decoding=\"async\" width=\"300\" height=\"414\" src=\"https:\/\/fundacionroemmers.org.ar\/wp-content\/uploads\/2024\/09\/Mesa-de-trabajo-1-copia-5.jpg\" class=\"attachment-full size-full wp-image-5257\" alt=\"\" srcset=\"https:\/\/fundacionroemmers.org.ar\/wp-content\/uploads\/2024\/09\/Mesa-de-trabajo-1-copia-5.jpg 300w, https:\/\/fundacionroemmers.org.ar\/wp-content\/uploads\/2024\/09\/Mesa-de-trabajo-1-copia-5-217x300.jpg 217w\" sizes=\"(max-width: 300px) 100vw, 300px\" \/><\/a><\/figure><\/div>\t\t<\/div>\n\t\t\t\t<\/div>\n\t\t\t\t<div class=\"elementor-element elementor-element-20cb5c94 elementor-widget elementor-widget-heading\" data-id=\"20cb5c94\" data-element_type=\"widget\" data-widget_type=\"heading.default\">\n\t\t\t\t<div class=\"elementor-widget-container\">\n\t\t\t<h2 class=\"elementor-heading-title elementor-size-default\">Diagn\u00f3stico y Tratamiento Endosc\u00f3pico del C\u00e1ncer Digestivo Temprano - 1999<\/h2>\t\t<\/div>\n\t\t\t\t<\/div>\n\t\t\t\t<\/div>\n\t\t<div class=\"elementor-element elementor-element-52e00fc0 e-con-full e-flex e-con e-child\" data-id=\"52e00fc0\" data-element_type=\"container\" data-settings=\"{&quot;background_background&quot;:&quot;classic&quot;}\">\n\t\t\t\t<div class=\"elementor-element elementor-element-629a4ebd elementor-position-top elementor-position-top elementor-widget elementor-widget-image-box\" data-id=\"629a4ebd\" data-element_type=\"widget\" data-widget_type=\"image-box.default\">\n\t\t\t\t<div class=\"elementor-widget-container\">\n\t\t\t<div class=\"elementor-image-box-wrapper\"><figure class=\"elementor-image-box-img\"><a href=\"#elementor-action%3Aaction%3Dpopup%3Aopen%26settings%3DeyJpZCI6IjU3NDEiLCJ0b2dnbGUiOmZhbHNlfQ%3D%3D\" tabindex=\"-1\"><img loading=\"lazy\" decoding=\"async\" width=\"301\" height=\"414\" src=\"https:\/\/fundacionroemmers.org.ar\/wp-content\/uploads\/2024\/09\/Mesa-de-trabajo-1-copia-8-1.jpg\" class=\"attachment-full size-full wp-image-5254\" alt=\"\" srcset=\"https:\/\/fundacionroemmers.org.ar\/wp-content\/uploads\/2024\/09\/Mesa-de-trabajo-1-copia-8-1.jpg 301w, https:\/\/fundacionroemmers.org.ar\/wp-content\/uploads\/2024\/09\/Mesa-de-trabajo-1-copia-8-1-218x300.jpg 218w\" sizes=\"(max-width: 301px) 100vw, 301px\" \/><\/a><\/figure><\/div>\t\t<\/div>\n\t\t\t\t<\/div>\n\t\t\t\t<div class=\"elementor-element elementor-element-65d9ad36 elementor-widget elementor-widget-heading\" data-id=\"65d9ad36\" data-element_type=\"widget\" data-widget_type=\"heading.default\">\n\t\t\t\t<div class=\"elementor-widget-container\">\n\t\t\t<h2 class=\"elementor-heading-title elementor-size-default\">La Enfermer\u00eda en el Paciente Oncol\u00f3gico - 1999<\/h2>\t\t<\/div>\n\t\t\t\t<\/div>\n\t\t\t\t<\/div>\n\t\t\t\t<\/div>\n\t\t<div class=\"elementor-element elementor-element-5832e433 e-con-full e-flex e-con e-child\" data-id=\"5832e433\" data-element_type=\"container\">\n\t\t<div class=\"elementor-element elementor-element-36192cea e-con-full e-flex e-con e-child\" data-id=\"36192cea\" data-element_type=\"container\" data-settings=\"{&quot;background_background&quot;:&quot;classic&quot;}\">\n\t\t\t\t<div class=\"elementor-element elementor-element-55b13994 elementor-position-top elementor-position-top elementor-widget elementor-widget-image-box\" data-id=\"55b13994\" data-element_type=\"widget\" data-widget_type=\"image-box.default\">\n\t\t\t\t<div class=\"elementor-widget-container\">\n\t\t\t<div class=\"elementor-image-box-wrapper\"><figure class=\"elementor-image-box-img\"><a href=\"#elementor-action%3Aaction%3Dpopup%3Aopen%26settings%3DeyJpZCI6IjU3NDEiLCJ0b2dnbGUiOmZhbHNlfQ%3D%3D\" tabindex=\"-1\"><img loading=\"lazy\" decoding=\"async\" width=\"301\" height=\"414\" src=\"https:\/\/fundacionroemmers.org.ar\/wp-content\/uploads\/2024\/09\/Mesa-de-trabajo-1-copia-6.jpg\" class=\"attachment-full size-full wp-image-5256\" alt=\"\" srcset=\"https:\/\/fundacionroemmers.org.ar\/wp-content\/uploads\/2024\/09\/Mesa-de-trabajo-1-copia-6.jpg 301w, https:\/\/fundacionroemmers.org.ar\/wp-content\/uploads\/2024\/09\/Mesa-de-trabajo-1-copia-6-218x300.jpg 218w\" sizes=\"(max-width: 301px) 100vw, 301px\" \/><\/a><\/figure><\/div>\t\t<\/div>\n\t\t\t\t<\/div>\n\t\t\t\t<div class=\"elementor-element elementor-element-a5a6040 elementor-widget elementor-widget-heading\" data-id=\"a5a6040\" data-element_type=\"widget\" data-widget_type=\"heading.default\">\n\t\t\t\t<div class=\"elementor-widget-container\">\n\t\t\t<h2 class=\"elementor-heading-title elementor-size-default\">Linfoma No Hodgkin - 1999<\/h2>\t\t<\/div>\n\t\t\t\t<\/div>\n\t\t\t\t<\/div>\n\t\t<div class=\"elementor-element elementor-element-10bb4b5e e-con-full e-flex e-con e-child\" data-id=\"10bb4b5e\" data-element_type=\"container\" data-settings=\"{&quot;background_background&quot;:&quot;classic&quot;}\">\n\t\t\t\t<div class=\"elementor-element elementor-element-62051a9a elementor-position-top elementor-position-top elementor-widget elementor-widget-image-box\" data-id=\"62051a9a\" data-element_type=\"widget\" data-widget_type=\"image-box.default\">\n\t\t\t\t<div class=\"elementor-widget-container\">\n\t\t\t<div class=\"elementor-image-box-wrapper\"><figure class=\"elementor-image-box-img\"><a href=\"#elementor-action%3Aaction%3Dpopup%3Aopen%26settings%3DeyJpZCI6IjU3NDEiLCJ0b2dnbGUiOmZhbHNlfQ%3D%3D\" tabindex=\"-1\"><img loading=\"lazy\" decoding=\"async\" width=\"301\" height=\"414\" src=\"https:\/\/fundacionroemmers.org.ar\/wp-content\/uploads\/2024\/09\/Mesa-de-trabajo-1-copia-9.jpg\" class=\"attachment-full size-full wp-image-5253\" alt=\"\" srcset=\"https:\/\/fundacionroemmers.org.ar\/wp-content\/uploads\/2024\/09\/Mesa-de-trabajo-1-copia-9.jpg 301w, https:\/\/fundacionroemmers.org.ar\/wp-content\/uploads\/2024\/09\/Mesa-de-trabajo-1-copia-9-218x300.jpg 218w\" sizes=\"(max-width: 301px) 100vw, 301px\" \/><\/a><\/figure><\/div>\t\t<\/div>\n\t\t\t\t<\/div>\n\t\t\t\t<div class=\"elementor-element elementor-element-45a0948c elementor-widget elementor-widget-heading\" data-id=\"45a0948c\" data-element_type=\"widget\" data-widget_type=\"heading.default\">\n\t\t\t\t<div class=\"elementor-widget-container\">\n\t\t\t<h2 class=\"elementor-heading-title elementor-size-default\">Temas de Actualizaci\u00f3n en Enfermer\u00eda - 1999<\/h2>\t\t<\/div>\n\t\t\t\t<\/div>\n\t\t\t\t<\/div>\n\t\t<div class=\"elementor-element elementor-element-18032796 e-con-full e-flex e-con e-child\" data-id=\"18032796\" data-element_type=\"container\" data-settings=\"{&quot;background_background&quot;:&quot;classic&quot;}\">\n\t\t\t\t<div class=\"elementor-element elementor-element-48c2e3b9 elementor-position-top elementor-position-top elementor-widget elementor-widget-image-box\" data-id=\"48c2e3b9\" data-element_type=\"widget\" data-widget_type=\"image-box.default\">\n\t\t\t\t<div class=\"elementor-widget-container\">\n\t\t\t<div class=\"elementor-image-box-wrapper\"><figure class=\"elementor-image-box-img\"><a href=\"#elementor-action%3Aaction%3Dpopup%3Aopen%26settings%3DeyJpZCI6IjU3NDEiLCJ0b2dnbGUiOmZhbHNlfQ%3D%3D\" tabindex=\"-1\"><img loading=\"lazy\" decoding=\"async\" width=\"301\" height=\"414\" src=\"https:\/\/fundacionroemmers.org.ar\/wp-content\/uploads\/2024\/09\/Mesa-de-trabajo-1-copia-27.jpg\" class=\"attachment-full size-full wp-image-5267\" alt=\"\" srcset=\"https:\/\/fundacionroemmers.org.ar\/wp-content\/uploads\/2024\/09\/Mesa-de-trabajo-1-copia-27.jpg 301w, https:\/\/fundacionroemmers.org.ar\/wp-content\/uploads\/2024\/09\/Mesa-de-trabajo-1-copia-27-218x300.jpg 218w\" sizes=\"(max-width: 301px) 100vw, 301px\" \/><\/a><\/figure><\/div>\t\t<\/div>\n\t\t\t\t<\/div>\n\t\t\t\t<div class=\"elementor-element elementor-element-1b1872ac elementor-widget elementor-widget-heading\" data-id=\"1b1872ac\" data-element_type=\"widget\" data-widget_type=\"heading.default\">\n\t\t\t\t<div class=\"elementor-widget-container\">\n\t\t\t<h2 class=\"elementor-heading-title elementor-size-default\">Actualizaci\u00f3n en Enfermer\u00eda - 1998<\/h2>\t\t<\/div>\n\t\t\t\t<\/div>\n\t\t\t\t<\/div>\n\t\t<div class=\"elementor-element elementor-element-44b67232 e-con-full e-flex e-con e-child\" data-id=\"44b67232\" data-element_type=\"container\" data-settings=\"{&quot;background_background&quot;:&quot;classic&quot;}\">\n\t\t\t\t<div class=\"elementor-element elementor-element-49d1e481 elementor-position-top elementor-position-top elementor-widget elementor-widget-image-box\" data-id=\"49d1e481\" data-element_type=\"widget\" data-widget_type=\"image-box.default\">\n\t\t\t\t<div class=\"elementor-widget-container\">\n\t\t\t<div class=\"elementor-image-box-wrapper\"><figure class=\"elementor-image-box-img\"><a href=\"#elementor-action%3Aaction%3Dpopup%3Aopen%26settings%3DeyJpZCI6IjU3NDEiLCJ0b2dnbGUiOmZhbHNlfQ%3D%3D\" tabindex=\"-1\"><img loading=\"lazy\" decoding=\"async\" width=\"632\" height=\"892\" src=\"https:\/\/fundacionroemmers.org.ar\/wp-content\/uploads\/2025\/02\/Cicatrizacion-de-heridas-y-reparacion-de-tejidos-1998.png\" class=\"attachment-full size-full wp-image-6762\" alt=\"\" srcset=\"https:\/\/fundacionroemmers.org.ar\/wp-content\/uploads\/2025\/02\/Cicatrizacion-de-heridas-y-reparacion-de-tejidos-1998.png 632w, https:\/\/fundacionroemmers.org.ar\/wp-content\/uploads\/2025\/02\/Cicatrizacion-de-heridas-y-reparacion-de-tejidos-1998-213x300.png 213w, https:\/\/fundacionroemmers.org.ar\/wp-content\/uploads\/2025\/02\/Cicatrizacion-de-heridas-y-reparacion-de-tejidos-1998-9x12.png 9w\" sizes=\"(max-width: 632px) 100vw, 632px\" \/><\/a><\/figure><\/div>\t\t<\/div>\n\t\t\t\t<\/div>\n\t\t\t\t<div class=\"elementor-element elementor-element-26b73573 elementor-widget elementor-widget-heading\" data-id=\"26b73573\" data-element_type=\"widget\" data-widget_type=\"heading.default\">\n\t\t\t\t<div class=\"elementor-widget-container\">\n\t\t\t<h2 class=\"elementor-heading-title elementor-size-default\">Cicatrizaci\u00f3n de Heridas y Reparaci\u00f3n de Tejidos - 1998<\/h2>\t\t<\/div>\n\t\t\t\t<\/div>\n\t\t\t\t<\/div>\n\t\t<div class=\"elementor-element elementor-element-533b268a e-con-full e-flex e-con e-child\" data-id=\"533b268a\" data-element_type=\"container\" data-settings=\"{&quot;background_background&quot;:&quot;classic&quot;}\">\n\t\t\t\t<div class=\"elementor-element elementor-element-5635287a elementor-position-top elementor-position-top elementor-widget elementor-widget-image-box\" data-id=\"5635287a\" data-element_type=\"widget\" data-widget_type=\"image-box.default\">\n\t\t\t\t<div class=\"elementor-widget-container\">\n\t\t\t<div class=\"elementor-image-box-wrapper\"><figure class=\"elementor-image-box-img\"><a href=\"#elementor-action%3Aaction%3Dpopup%3Aopen%26settings%3DeyJpZCI6IjU3NDEiLCJ0b2dnbGUiOmZhbHNlfQ%3D%3D\" tabindex=\"-1\"><img loading=\"lazy\" decoding=\"async\" width=\"300\" height=\"414\" src=\"https:\/\/fundacionroemmers.org.ar\/wp-content\/uploads\/2024\/09\/Mesa-de-trabajo-1.jpg\" class=\"attachment-full size-full wp-image-5237\" alt=\"\" srcset=\"https:\/\/fundacionroemmers.org.ar\/wp-content\/uploads\/2024\/09\/Mesa-de-trabajo-1.jpg 300w, https:\/\/fundacionroemmers.org.ar\/wp-content\/uploads\/2024\/09\/Mesa-de-trabajo-1-217x300.jpg 217w\" sizes=\"(max-width: 300px) 100vw, 300px\" \/><\/a><\/figure><\/div>\t\t<\/div>\n\t\t\t\t<\/div>\n\t\t\t\t<div class=\"elementor-element elementor-element-2e39c23 elementor-widget elementor-widget-heading\" data-id=\"2e39c23\" data-element_type=\"widget\" data-widget_type=\"heading.default\">\n\t\t\t\t<div class=\"elementor-widget-container\">\n\t\t\t<h2 class=\"elementor-heading-title elementor-size-default\">Principios de Bio\u00e9tica - 1998<\/h2>\t\t<\/div>\n\t\t\t\t<\/div>\n\t\t\t\t<\/div>\n\t\t\t\t<\/div>\n\t\t<div class=\"elementor-element elementor-element-548a7294 e-con-full e-flex e-con e-child\" data-id=\"548a7294\" data-element_type=\"container\">\n\t\t<div class=\"elementor-element elementor-element-2f155bab e-con-full e-flex e-con e-child\" data-id=\"2f155bab\" data-element_type=\"container\" data-settings=\"{&quot;background_background&quot;:&quot;classic&quot;}\">\n\t\t\t\t<div class=\"elementor-element elementor-element-7a77cbc1 elementor-position-top elementor-position-top elementor-widget elementor-widget-image-box\" data-id=\"7a77cbc1\" data-element_type=\"widget\" data-widget_type=\"image-box.default\">\n\t\t\t\t<div class=\"elementor-widget-container\">\n\t\t\t<div class=\"elementor-image-box-wrapper\"><figure class=\"elementor-image-box-img\"><a href=\"#elementor-action%3Aaction%3Dpopup%3Aopen%26settings%3DeyJpZCI6IjU3NDEiLCJ0b2dnbGUiOmZhbHNlfQ%3D%3D\" tabindex=\"-1\"><img loading=\"lazy\" decoding=\"async\" width=\"301\" height=\"414\" src=\"https:\/\/fundacionroemmers.org.ar\/wp-content\/uploads\/2024\/09\/Mesa-de-trabajo-1-copia-32.jpg\" class=\"attachment-full size-full wp-image-5239\" alt=\"\" srcset=\"https:\/\/fundacionroemmers.org.ar\/wp-content\/uploads\/2024\/09\/Mesa-de-trabajo-1-copia-32.jpg 301w, https:\/\/fundacionroemmers.org.ar\/wp-content\/uploads\/2024\/09\/Mesa-de-trabajo-1-copia-32-218x300.jpg 218w\" sizes=\"(max-width: 301px) 100vw, 301px\" \/><\/a><\/figure><\/div>\t\t<\/div>\n\t\t\t\t<\/div>\n\t\t\t\t<div class=\"elementor-element elementor-element-1d5c9979 elementor-widget elementor-widget-heading\" data-id=\"1d5c9979\" data-element_type=\"widget\" data-widget_type=\"heading.default\">\n\t\t\t\t<div class=\"elementor-widget-container\">\n\t\t\t<h2 class=\"elementor-heading-title elementor-size-default\">Sustitutos de la Sangre - 1998<\/h2>\t\t<\/div>\n\t\t\t\t<\/div>\n\t\t\t\t<\/div>\n\t\t<div class=\"elementor-element elementor-element-2426a522 e-con-full e-flex e-con e-child\" data-id=\"2426a522\" data-element_type=\"container\" data-settings=\"{&quot;background_background&quot;:&quot;classic&quot;}\">\n\t\t\t\t<div class=\"elementor-element elementor-element-11e6093e elementor-position-top elementor-position-top elementor-widget elementor-widget-image-box\" data-id=\"11e6093e\" data-element_type=\"widget\" data-widget_type=\"image-box.default\">\n\t\t\t\t<div class=\"elementor-widget-container\">\n\t\t\t<div class=\"elementor-image-box-wrapper\"><figure class=\"elementor-image-box-img\"><a href=\"#elementor-action%3Aaction%3Dpopup%3Aopen%26settings%3DeyJpZCI6IjU3NDEiLCJ0b2dnbGUiOmZhbHNlfQ%3D%3D\" tabindex=\"-1\"><img loading=\"lazy\" decoding=\"async\" width=\"301\" height=\"414\" src=\"https:\/\/fundacionroemmers.org.ar\/wp-content\/uploads\/2024\/09\/Mesa-de-trabajo-1-copia-39.jpg\" class=\"attachment-full size-full wp-image-5238\" alt=\"\" srcset=\"https:\/\/fundacionroemmers.org.ar\/wp-content\/uploads\/2024\/09\/Mesa-de-trabajo-1-copia-39.jpg 301w, https:\/\/fundacionroemmers.org.ar\/wp-content\/uploads\/2024\/09\/Mesa-de-trabajo-1-copia-39-218x300.jpg 218w\" sizes=\"(max-width: 301px) 100vw, 301px\" \/><\/a><\/figure><\/div>\t\t<\/div>\n\t\t\t\t<\/div>\n\t\t\t\t<div class=\"elementor-element elementor-element-1559a0b8 elementor-widget elementor-widget-heading\" data-id=\"1559a0b8\" data-element_type=\"widget\" data-widget_type=\"heading.default\">\n\t\t\t\t<div class=\"elementor-widget-container\">\n\t\t\t<h2 class=\"elementor-heading-title elementor-size-default\">Diabetes Mellitus tipo 2 - Diagn\u00f3stico, Predicci\u00f3n y Prevenci\u00f3n - 1997<\/h2>\t\t<\/div>\n\t\t\t\t<\/div>\n\t\t\t\t<\/div>\n\t\t<div class=\"elementor-element elementor-element-7531d240 e-con-full e-flex e-con e-child\" data-id=\"7531d240\" data-element_type=\"container\" data-settings=\"{&quot;background_background&quot;:&quot;classic&quot;}\">\n\t\t\t\t<div class=\"elementor-element elementor-element-466f6e52 elementor-position-top elementor-position-top elementor-widget elementor-widget-image-box\" data-id=\"466f6e52\" data-element_type=\"widget\" data-widget_type=\"image-box.default\">\n\t\t\t\t<div class=\"elementor-widget-container\">\n\t\t\t<div class=\"elementor-image-box-wrapper\"><figure class=\"elementor-image-box-img\"><a href=\"#elementor-action%3Aaction%3Dpopup%3Aopen%26settings%3DeyJpZCI6IjU3NDEiLCJ0b2dnbGUiOmZhbHNlfQ%3D%3D\" tabindex=\"-1\"><img loading=\"lazy\" decoding=\"async\" width=\"300\" height=\"414\" src=\"https:\/\/fundacionroemmers.org.ar\/wp-content\/uploads\/2024\/09\/Mesa-de-trabajo-1-copia-10.jpg\" class=\"attachment-full size-full wp-image-5252\" alt=\"\" srcset=\"https:\/\/fundacionroemmers.org.ar\/wp-content\/uploads\/2024\/09\/Mesa-de-trabajo-1-copia-10.jpg 300w, https:\/\/fundacionroemmers.org.ar\/wp-content\/uploads\/2024\/09\/Mesa-de-trabajo-1-copia-10-217x300.jpg 217w\" sizes=\"(max-width: 300px) 100vw, 300px\" \/><\/a><\/figure><\/div>\t\t<\/div>\n\t\t\t\t<\/div>\n\t\t\t\t<div class=\"elementor-element elementor-element-5d247296 elementor-widget elementor-widget-heading\" data-id=\"5d247296\" data-element_type=\"widget\" data-widget_type=\"heading.default\">\n\t\t\t\t<div class=\"elementor-widget-container\">\n\t\t\t<h2 class=\"elementor-heading-title elementor-size-default\">Ecocardiograf\u00eda - 1997<\/h2>\t\t<\/div>\n\t\t\t\t<\/div>\n\t\t\t\t<\/div>\n\t\t<div class=\"elementor-element elementor-element-17f31918 e-con-full e-flex e-con e-child\" data-id=\"17f31918\" data-element_type=\"container\" data-settings=\"{&quot;background_background&quot;:&quot;classic&quot;}\">\n\t\t\t\t<div class=\"elementor-element elementor-element-2fffe57d elementor-position-top elementor-position-top elementor-widget elementor-widget-image-box\" data-id=\"2fffe57d\" data-element_type=\"widget\" data-widget_type=\"image-box.default\">\n\t\t\t\t<div class=\"elementor-widget-container\">\n\t\t\t<div class=\"elementor-image-box-wrapper\"><figure class=\"elementor-image-box-img\"><a href=\"#elementor-action%3Aaction%3Dpopup%3Aopen%26settings%3DeyJpZCI6IjU3NDEiLCJ0b2dnbGUiOmZhbHNlfQ%3D%3D\" tabindex=\"-1\"><img loading=\"lazy\" decoding=\"async\" width=\"301\" height=\"414\" src=\"https:\/\/fundacionroemmers.org.ar\/wp-content\/uploads\/2024\/09\/Mesa-de-trabajo-1-copia-2.jpg\" class=\"attachment-full size-full wp-image-5260\" alt=\"\" srcset=\"https:\/\/fundacionroemmers.org.ar\/wp-content\/uploads\/2024\/09\/Mesa-de-trabajo-1-copia-2.jpg 301w, https:\/\/fundacionroemmers.org.ar\/wp-content\/uploads\/2024\/09\/Mesa-de-trabajo-1-copia-2-218x300.jpg 218w\" sizes=\"(max-width: 301px) 100vw, 301px\" \/><\/a><\/figure><\/div>\t\t<\/div>\n\t\t\t\t<\/div>\n\t\t\t\t<div class=\"elementor-element elementor-element-23aba360 elementor-widget elementor-widget-heading\" data-id=\"23aba360\" data-element_type=\"widget\" data-widget_type=\"heading.default\">\n\t\t\t\t<div class=\"elementor-widget-container\">\n\t\t\t<h2 class=\"elementor-heading-title elementor-size-default\">La Enfermer\u00eda en Atenci\u00f3n Domiciliaria - 1997<\/h2>\t\t<\/div>\n\t\t\t\t<\/div>\n\t\t\t\t<\/div>\n\t\t<div class=\"elementor-element elementor-element-3a91068e e-con-full e-flex e-con e-child\" data-id=\"3a91068e\" data-element_type=\"container\" data-settings=\"{&quot;background_background&quot;:&quot;classic&quot;}\">\n\t\t\t\t<div class=\"elementor-element elementor-element-3cd2a031 elementor-position-top elementor-position-top elementor-widget elementor-widget-image-box\" data-id=\"3cd2a031\" data-element_type=\"widget\" data-widget_type=\"image-box.default\">\n\t\t\t\t<div class=\"elementor-widget-container\">\n\t\t\t<div class=\"elementor-image-box-wrapper\"><figure class=\"elementor-image-box-img\"><a href=\"#elementor-action%3Aaction%3Dpopup%3Aopen%26settings%3DeyJpZCI6IjU3NDEiLCJ0b2dnbGUiOmZhbHNlfQ%3D%3D\" target=\"_blank\" tabindex=\"-1\"><img loading=\"lazy\" decoding=\"async\" width=\"301\" height=\"414\" src=\"https:\/\/fundacionroemmers.org.ar\/wp-content\/uploads\/2024\/09\/Mesa-de-trabajo-1-copia-13.jpg\" class=\"attachment-full size-full wp-image-5246\" alt=\"\" srcset=\"https:\/\/fundacionroemmers.org.ar\/wp-content\/uploads\/2024\/09\/Mesa-de-trabajo-1-copia-13.jpg 301w, https:\/\/fundacionroemmers.org.ar\/wp-content\/uploads\/2024\/09\/Mesa-de-trabajo-1-copia-13-218x300.jpg 218w\" sizes=\"(max-width: 301px) 100vw, 301px\" \/><\/a><\/figure><\/div>\t\t<\/div>\n\t\t\t\t<\/div>\n\t\t\t\t<div class=\"elementor-element elementor-element-464ee154 elementor-widget elementor-widget-heading\" data-id=\"464ee154\" data-element_type=\"widget\" data-widget_type=\"heading.default\">\n\t\t\t\t<div class=\"elementor-widget-container\">\n\t\t\t<h2 class=\"elementor-heading-title elementor-size-default\">Cirug\u00eda Laparosc\u00f3pica y Endosc\u00f3pica de Abdomen y Pelvis - 1996<\/h2>\t\t<\/div>\n\t\t\t\t<\/div>\n\t\t\t\t<\/div>\n\t\t\t\t<\/div>\n\t\t<div class=\"elementor-element elementor-element-68b0bd41 e-con-full e-flex e-con e-child\" data-id=\"68b0bd41\" data-element_type=\"container\">\n\t\t<div class=\"elementor-element elementor-element-76b11961 e-con-full e-flex e-con e-child\" data-id=\"76b11961\" data-element_type=\"container\" data-settings=\"{&quot;background_background&quot;:&quot;classic&quot;}\">\n\t\t\t\t<div class=\"elementor-element elementor-element-1a0004dc elementor-position-top elementor-position-top elementor-widget elementor-widget-image-box\" data-id=\"1a0004dc\" data-element_type=\"widget\" data-widget_type=\"image-box.default\">\n\t\t\t\t<div class=\"elementor-widget-container\">\n\t\t\t<div class=\"elementor-image-box-wrapper\"><figure class=\"elementor-image-box-img\"><a href=\"#elementor-action%3Aaction%3Dpopup%3Aopen%26settings%3DeyJpZCI6IjU3NDEiLCJ0b2dnbGUiOmZhbHNlfQ%3D%3D\" tabindex=\"-1\"><img loading=\"lazy\" decoding=\"async\" width=\"301\" height=\"414\" src=\"https:\/\/fundacionroemmers.org.ar\/wp-content\/uploads\/2024\/09\/Mesa-de-trabajo-1-copia-16.jpg\" class=\"attachment-full size-full wp-image-5245\" alt=\"\" srcset=\"https:\/\/fundacionroemmers.org.ar\/wp-content\/uploads\/2024\/09\/Mesa-de-trabajo-1-copia-16.jpg 301w, https:\/\/fundacionroemmers.org.ar\/wp-content\/uploads\/2024\/09\/Mesa-de-trabajo-1-copia-16-218x300.jpg 218w\" sizes=\"(max-width: 301px) 100vw, 301px\" \/><\/a><\/figure><\/div>\t\t<\/div>\n\t\t\t\t<\/div>\n\t\t\t\t<div class=\"elementor-element elementor-element-35b65b6e elementor-widget elementor-widget-heading\" data-id=\"35b65b6e\" data-element_type=\"widget\" data-widget_type=\"heading.default\">\n\t\t\t\t<div class=\"elementor-widget-container\">\n\t\t\t<h2 class=\"elementor-heading-title elementor-size-default\">\u00c9tica del Diagn\u00f3stico - 1996<\/h2>\t\t<\/div>\n\t\t\t\t<\/div>\n\t\t\t\t<\/div>\n\t\t<div class=\"elementor-element elementor-element-7271fd7f e-con-full e-flex e-con e-child\" data-id=\"7271fd7f\" data-element_type=\"container\" data-settings=\"{&quot;background_background&quot;:&quot;classic&quot;}\">\n\t\t\t\t<div class=\"elementor-element elementor-element-26ac4041 elementor-widget__width-initial elementor-position-top elementor-position-top elementor-widget elementor-widget-image-box\" data-id=\"26ac4041\" data-element_type=\"widget\" data-widget_type=\"image-box.default\">\n\t\t\t\t<div class=\"elementor-widget-container\">\n\t\t\t<div class=\"elementor-image-box-wrapper\"><figure class=\"elementor-image-box-img\"><a href=\"#elementor-action%3Aaction%3Dpopup%3Aopen%26settings%3DeyJpZCI6IjU3NDEiLCJ0b2dnbGUiOmZhbHNlfQ%3D%3D\" tabindex=\"-1\"><img loading=\"lazy\" decoding=\"async\" width=\"301\" height=\"414\" src=\"https:\/\/fundacionroemmers.org.ar\/wp-content\/uploads\/2024\/09\/Mesa-de-trabajo-1-copia.jpg\" class=\"attachment-full size-full wp-image-5264\" alt=\"\" srcset=\"https:\/\/fundacionroemmers.org.ar\/wp-content\/uploads\/2024\/09\/Mesa-de-trabajo-1-copia.jpg 301w, https:\/\/fundacionroemmers.org.ar\/wp-content\/uploads\/2024\/09\/Mesa-de-trabajo-1-copia-218x300.jpg 218w\" sizes=\"(max-width: 301px) 100vw, 301px\" \/><\/a><\/figure><\/div>\t\t<\/div>\n\t\t\t\t<\/div>\n\t\t\t\t<div class=\"elementor-element elementor-element-5ca9d078 elementor-widget elementor-widget-heading\" data-id=\"5ca9d078\" data-element_type=\"widget\" data-widget_type=\"heading.default\">\n\t\t\t\t<div class=\"elementor-widget-container\">\n\t\t\t<h2 class=\"elementor-heading-title elementor-size-default\">La Enfermera en el Control de Infecciones - 1996<\/h2>\t\t<\/div>\n\t\t\t\t<\/div>\n\t\t\t\t<\/div>\n\t\t<div class=\"elementor-element elementor-element-38f4be73 e-con-full e-flex e-con e-child\" data-id=\"38f4be73\" data-element_type=\"container\" data-settings=\"{&quot;background_background&quot;:&quot;classic&quot;}\">\n\t\t\t\t<div class=\"elementor-element elementor-element-107e1a46 elementor-widget__width-initial elementor-position-top elementor-position-top elementor-widget elementor-widget-image-box\" data-id=\"107e1a46\" data-element_type=\"widget\" data-widget_type=\"image-box.default\">\n\t\t\t\t<div class=\"elementor-widget-container\">\n\t\t\t<div class=\"elementor-image-box-wrapper\"><figure class=\"elementor-image-box-img\"><a href=\"#elementor-action%3Aaction%3Dpopup%3Aopen%26settings%3DeyJpZCI6IjU3NDEiLCJ0b2dnbGUiOmZhbHNlfQ%3D%3D\" tabindex=\"-1\"><img loading=\"lazy\" decoding=\"async\" width=\"632\" height=\"899\" src=\"https:\/\/fundacionroemmers.org.ar\/wp-content\/uploads\/2025\/02\/Palabra-voz-y-deglucion-1996.png\" class=\"attachment-full size-full wp-image-6761\" alt=\"\" srcset=\"https:\/\/fundacionroemmers.org.ar\/wp-content\/uploads\/2025\/02\/Palabra-voz-y-deglucion-1996.png 632w, https:\/\/fundacionroemmers.org.ar\/wp-content\/uploads\/2025\/02\/Palabra-voz-y-deglucion-1996-211x300.png 211w, https:\/\/fundacionroemmers.org.ar\/wp-content\/uploads\/2025\/02\/Palabra-voz-y-deglucion-1996-8x12.png 8w\" sizes=\"(max-width: 632px) 100vw, 632px\" \/><\/a><\/figure><\/div>\t\t<\/div>\n\t\t\t\t<\/div>\n\t\t\t\t<div class=\"elementor-element elementor-element-7d6b6c6c elementor-widget elementor-widget-heading\" data-id=\"7d6b6c6c\" data-element_type=\"widget\" data-widget_type=\"heading.default\">\n\t\t\t\t<div class=\"elementor-widget-container\">\n\t\t\t<h2 class=\"elementor-heading-title elementor-size-default\">Palabra, Voz y Degluci\u00f3n - 1996<\/h2>\t\t<\/div>\n\t\t\t\t<\/div>\n\t\t\t\t<\/div>\n\t\t<div class=\"elementor-element elementor-element-eb619af e-con-full e-flex e-con e-child\" data-id=\"eb619af\" data-element_type=\"container\" data-settings=\"{&quot;background_background&quot;:&quot;classic&quot;}\">\n\t\t\t\t<div class=\"elementor-element elementor-element-1612c6ae elementor-position-top elementor-position-top elementor-widget elementor-widget-image-box\" data-id=\"1612c6ae\" data-element_type=\"widget\" data-widget_type=\"image-box.default\">\n\t\t\t\t<div class=\"elementor-widget-container\">\n\t\t\t<div class=\"elementor-image-box-wrapper\"><figure class=\"elementor-image-box-img\"><a href=\"#elementor-action%3Aaction%3Dpopup%3Aopen%26settings%3DeyJpZCI6IjU3NDEiLCJ0b2dnbGUiOmZhbHNlfQ%3D%3D\" tabindex=\"-1\"><img loading=\"lazy\" decoding=\"async\" width=\"301\" height=\"414\" src=\"https:\/\/fundacionroemmers.org.ar\/wp-content\/uploads\/2024\/09\/Mesa-de-trabajo-1-copia-12.jpg\" class=\"attachment-full size-full wp-image-5247\" alt=\"\" srcset=\"https:\/\/fundacionroemmers.org.ar\/wp-content\/uploads\/2024\/09\/Mesa-de-trabajo-1-copia-12.jpg 301w, https:\/\/fundacionroemmers.org.ar\/wp-content\/uploads\/2024\/09\/Mesa-de-trabajo-1-copia-12-218x300.jpg 218w\" sizes=\"(max-width: 301px) 100vw, 301px\" \/><\/a><\/figure><\/div>\t\t<\/div>\n\t\t\t\t<\/div>\n\t\t\t\t<div class=\"elementor-element elementor-element-4b72110b elementor-widget elementor-widget-heading\" data-id=\"4b72110b\" data-element_type=\"widget\" data-widget_type=\"heading.default\">\n\t\t\t\t<div class=\"elementor-widget-container\">\n\t\t\t<h2 class=\"elementor-heading-title elementor-size-default\">Asistencia de la Salud - 1995<\/h2>\t\t<\/div>\n\t\t\t\t<\/div>\n\t\t\t\t<\/div>\n\t\t<div class=\"elementor-element elementor-element-1f9fb604 e-con-full e-flex e-con e-child\" data-id=\"1f9fb604\" data-element_type=\"container\" data-settings=\"{&quot;background_background&quot;:&quot;classic&quot;}\">\n\t\t\t\t<div class=\"elementor-element elementor-element-895e155 elementor-position-top elementor-position-top elementor-widget elementor-widget-image-box\" data-id=\"895e155\" data-element_type=\"widget\" data-widget_type=\"image-box.default\">\n\t\t\t\t<div class=\"elementor-widget-container\">\n\t\t\t<div class=\"elementor-image-box-wrapper\"><figure class=\"elementor-image-box-img\"><a href=\"#elementor-action%3Aaction%3Dpopup%3Aopen%26settings%3DeyJpZCI6IjU3NDEiLCJ0b2dnbGUiOmZhbHNlfQ%3D%3D\" tabindex=\"-1\"><img loading=\"lazy\" decoding=\"async\" width=\"628\" height=\"892\" src=\"https:\/\/fundacionroemmers.org.ar\/wp-content\/uploads\/2024\/08\/Enfermeria-1995.png\" class=\"attachment-full size-full wp-image-4770\" alt=\"\" srcset=\"https:\/\/fundacionroemmers.org.ar\/wp-content\/uploads\/2024\/08\/Enfermeria-1995.png 628w, https:\/\/fundacionroemmers.org.ar\/wp-content\/uploads\/2024\/08\/Enfermeria-1995-211x300.png 211w\" sizes=\"(max-width: 628px) 100vw, 628px\" \/><\/a><\/figure><\/div>\t\t<\/div>\n\t\t\t\t<\/div>\n\t\t\t\t<div class=\"elementor-element elementor-element-3c69b450 elementor-widget elementor-widget-heading\" data-id=\"3c69b450\" data-element_type=\"widget\" data-widget_type=\"heading.default\">\n\t\t\t\t<div class=\"elementor-widget-container\">\n\t\t\t<h2 class=\"elementor-heading-title elementor-size-default\">Enfermer\u00eda - 1995<\/h2>\t\t<\/div>\n\t\t\t\t<\/div>\n\t\t\t\t<\/div>\n\t\t\t\t<\/div>\n\t\t<div class=\"elementor-element elementor-element-2b21bae0 e-con-full e-flex e-con e-child\" data-id=\"2b21bae0\" data-element_type=\"container\">\n\t\t<div class=\"elementor-element elementor-element-517d8889 e-con-full e-flex e-con e-child\" data-id=\"517d8889\" data-element_type=\"container\" data-settings=\"{&quot;background_background&quot;:&quot;classic&quot;}\">\n\t\t\t\t<div class=\"elementor-element elementor-element-6452457c elementor-position-top elementor-position-top elementor-widget elementor-widget-image-box\" data-id=\"6452457c\" data-element_type=\"widget\" data-widget_type=\"image-box.default\">\n\t\t\t\t<div class=\"elementor-widget-container\">\n\t\t\t<div class=\"elementor-image-box-wrapper\"><figure class=\"elementor-image-box-img\"><a href=\"#elementor-action%3Aaction%3Dpopup%3Aopen%26settings%3DeyJpZCI6IjU3NDEiLCJ0b2dnbGUiOmZhbHNlfQ%3D%3D\" tabindex=\"-1\"><img loading=\"lazy\" decoding=\"async\" width=\"301\" height=\"414\" src=\"https:\/\/fundacionroemmers.org.ar\/wp-content\/uploads\/2024\/09\/Mesa-de-trabajo-1-copia-17.jpg\" class=\"attachment-full size-full wp-image-5241\" alt=\"\" srcset=\"https:\/\/fundacionroemmers.org.ar\/wp-content\/uploads\/2024\/09\/Mesa-de-trabajo-1-copia-17.jpg 301w, https:\/\/fundacionroemmers.org.ar\/wp-content\/uploads\/2024\/09\/Mesa-de-trabajo-1-copia-17-218x300.jpg 218w\" sizes=\"(max-width: 301px) 100vw, 301px\" \/><\/a><\/figure><\/div>\t\t<\/div>\n\t\t\t\t<\/div>\n\t\t\t\t<div class=\"elementor-element elementor-element-21f2d5c7 elementor-widget elementor-widget-heading\" data-id=\"21f2d5c7\" data-element_type=\"widget\" data-widget_type=\"heading.default\">\n\t\t\t\t<div class=\"elementor-widget-container\">\n\t\t\t<h2 class=\"elementor-heading-title elementor-size-default\">\u00c9tica en Medicina - Segunda Edici\u00f3n - 1986<\/h2>\t\t<\/div>\n\t\t\t\t<\/div>\n\t\t\t\t<\/div>\n\t\t<div class=\"elementor-element elementor-element-3c14bd1f e-con-full e-flex e-con e-child\" data-id=\"3c14bd1f\" data-element_type=\"container\" data-settings=\"{&quot;background_background&quot;:&quot;classic&quot;}\">\n\t\t\t\t<div class=\"elementor-element elementor-element-317c5c30 elementor-position-top elementor-position-top elementor-widget elementor-widget-image-box\" data-id=\"317c5c30\" data-element_type=\"widget\" data-widget_type=\"image-box.default\">\n\t\t\t\t<div class=\"elementor-widget-container\">\n\t\t\t<div class=\"elementor-image-box-wrapper\"><figure class=\"elementor-image-box-img\"><a href=\"#elementor-action%3Aaction%3Dpopup%3Aopen%26settings%3DeyJpZCI6IjU3NDEiLCJ0b2dnbGUiOmZhbHNlfQ%3D%3D\" tabindex=\"-1\"><img loading=\"lazy\" decoding=\"async\" width=\"301\" height=\"414\" src=\"https:\/\/fundacionroemmers.org.ar\/wp-content\/uploads\/2024\/09\/Mesa-de-trabajo-1-copia-11.jpg\" class=\"attachment-full size-full wp-image-5251\" alt=\"\" srcset=\"https:\/\/fundacionroemmers.org.ar\/wp-content\/uploads\/2024\/09\/Mesa-de-trabajo-1-copia-11.jpg 301w, https:\/\/fundacionroemmers.org.ar\/wp-content\/uploads\/2024\/09\/Mesa-de-trabajo-1-copia-11-218x300.jpg 218w\" sizes=\"(max-width: 301px) 100vw, 301px\" \/><\/a><\/figure><\/div>\t\t<\/div>\n\t\t\t\t<\/div>\n\t\t\t\t<div class=\"elementor-element elementor-element-44ef6631 elementor-widget elementor-widget-heading\" data-id=\"44ef6631\" data-element_type=\"widget\" data-widget_type=\"heading.default\">\n\t\t\t\t<div class=\"elementor-widget-container\">\n\t\t\t<h2 class=\"elementor-heading-title elementor-size-default\">Di\u00e1lisis Peritoneal Cr\u00f3nica - 1983<\/h2>\t\t<\/div>\n\t\t\t\t<\/div>\n\t\t\t\t<\/div>\n\t\t<div class=\"elementor-element elementor-element-5003c477 e-con-full e-flex e-con e-child\" data-id=\"5003c477\" data-element_type=\"container\" data-settings=\"{&quot;background_background&quot;:&quot;classic&quot;}\">\n\t\t\t\t<div class=\"elementor-element elementor-element-4e489352 elementor-position-top elementor-position-top elementor-widget elementor-widget-image-box\" data-id=\"4e489352\" data-element_type=\"widget\" data-widget_type=\"image-box.default\">\n\t\t\t\t<div class=\"elementor-widget-container\">\n\t\t\t<div class=\"elementor-image-box-wrapper\"><figure class=\"elementor-image-box-img\"><a href=\"#elementor-action%3Aaction%3Dpopup%3Aopen%26settings%3DeyJpZCI6IjU3NDEiLCJ0b2dnbGUiOmZhbHNlfQ%3D%3D\" tabindex=\"-1\"><img loading=\"lazy\" decoding=\"async\" width=\"301\" height=\"414\" src=\"https:\/\/fundacionroemmers.org.ar\/wp-content\/uploads\/2024\/09\/Mesa-de-trabajo-1-copia-23.jpg\" class=\"attachment-full size-full wp-image-5240\" alt=\"\" srcset=\"https:\/\/fundacionroemmers.org.ar\/wp-content\/uploads\/2024\/09\/Mesa-de-trabajo-1-copia-23.jpg 301w, https:\/\/fundacionroemmers.org.ar\/wp-content\/uploads\/2024\/09\/Mesa-de-trabajo-1-copia-23-218x300.jpg 218w\" sizes=\"(max-width: 301px) 100vw, 301px\" \/><\/a><\/figure><\/div>\t\t<\/div>\n\t\t\t\t<\/div>\n\t\t\t\t<div class=\"elementor-element elementor-element-22fe09b4 elementor-widget elementor-widget-heading\" data-id=\"22fe09b4\" data-element_type=\"widget\" data-widget_type=\"heading.default\">\n\t\t\t\t<div class=\"elementor-widget-container\">\n\t\t\t<h2 class=\"elementor-heading-title elementor-size-default\">La Medicina del Futuro - 1979<\/h2>\t\t<\/div>\n\t\t\t\t<\/div>\n\t\t\t\t<\/div>\n\t\t<div class=\"elementor-element elementor-element-2edff114 e-con-full e-flex e-con e-child\" data-id=\"2edff114\" data-element_type=\"container\" data-settings=\"{&quot;background_background&quot;:&quot;classic&quot;}\">\n\t\t\t\t<div class=\"elementor-element elementor-element-5a6a0f6e elementor-position-top elementor-position-top elementor-widget elementor-widget-image-box\" data-id=\"5a6a0f6e\" data-element_type=\"widget\" data-widget_type=\"image-box.default\">\n\t\t\t\t<div class=\"elementor-widget-container\">\n\t\t\t<div class=\"elementor-image-box-wrapper\"><figure class=\"elementor-image-box-img\"><a href=\"#elementor-action%3Aaction%3Dpopup%3Aopen%26settings%3DeyJpZCI6IjU3NDEiLCJ0b2dnbGUiOmZhbHNlfQ%3D%3D\" tabindex=\"-1\"><img loading=\"lazy\" decoding=\"async\" width=\"301\" height=\"414\" src=\"https:\/\/fundacionroemmers.org.ar\/wp-content\/uploads\/2024\/09\/Mesa-de-trabajo-1-copia-19.jpg\" class=\"attachment-full size-full wp-image-5234\" alt=\"\" srcset=\"https:\/\/fundacionroemmers.org.ar\/wp-content\/uploads\/2024\/09\/Mesa-de-trabajo-1-copia-19.jpg 301w, https:\/\/fundacionroemmers.org.ar\/wp-content\/uploads\/2024\/09\/Mesa-de-trabajo-1-copia-19-218x300.jpg 218w\" sizes=\"(max-width: 301px) 100vw, 301px\" \/><\/a><\/figure><\/div>\t\t<\/div>\n\t\t\t\t<\/div>\n\t\t\t\t<div class=\"elementor-element elementor-element-23e46b37 elementor-widget elementor-widget-heading\" data-id=\"23e46b37\" data-element_type=\"widget\" data-widget_type=\"heading.default\">\n\t\t\t\t<div class=\"elementor-widget-container\">\n\t\t\t<h2 class=\"elementor-heading-title elementor-size-default\">Comunicaci\u00f3n en Medicina - 1977<\/h2>\t\t<\/div>\n\t\t\t\t<\/div>\n\t\t\t\t<\/div>\n\t\t\t\t<\/div>\n\t\t<div class=\"elementor-element elementor-element-76fd83 e-con-full elementor-hidden-tablet elementor-hidden-mobile e-flex e-con e-child\" data-id=\"76fd83\" data-element_type=\"container\">\n\t\t\t\t<\/div>\n\t\t\t\t<\/div>\n\t\t\t\t<\/div>","protected":false},"excerpt":{"rendered":"<p>Digital Library Anales de la Fundaci\u00f3n Alberto J. Roemmers Vol. XXXIV &#8211; 2024 Anales de la Fundaci\u00f3n Alberto J. Roemmers Vol. XXXIII &#8211; 2023 Anales de la Fundaci\u00f3n Alberto J. Roemmers Vol. XXXII &#8211; 2021 Anales de la Fundaci\u00f3n Alberto J. Roemmers Vol. XXXI &#8211; 2020 Atenci\u00f3n de enfermer\u00eda en el Triage &#8211; 2019 Anales [&hellip;]<\/p>","protected":false},"author":1,"featured_media":0,"parent":0,"menu_order":0,"comment_status":"closed","ping_status":"closed","template":"","meta":{"_acf_changed":false,"footnotes":""},"class_list":["post-4617","page","type-page","status-publish","hentry"],"acf":[],"_links":{"self":[{"href":"https:\/\/fundacionroemmers.org.ar\/en\/wp-json\/wp\/v2\/pages\/4617","targetHints":{"allow":["GET"]}}],"collection":[{"href":"https:\/\/fundacionroemmers.org.ar\/en\/wp-json\/wp\/v2\/pages"}],"about":[{"href":"https:\/\/fundacionroemmers.org.ar\/en\/wp-json\/wp\/v2\/types\/page"}],"author":[{"embeddable":true,"href":"https:\/\/fundacionroemmers.org.ar\/en\/wp-json\/wp\/v2\/users\/1"}],"replies":[{"embeddable":true,"href":"https:\/\/fundacionroemmers.org.ar\/en\/wp-json\/wp\/v2\/comments?post=4617"}],"version-history":[{"count":129,"href":"https:\/\/fundacionroemmers.org.ar\/en\/wp-json\/wp\/v2\/pages\/4617\/revisions"}],"predecessor-version":[{"id":10229,"href":"https:\/\/fundacionroemmers.org.ar\/en\/wp-json\/wp\/v2\/pages\/4617\/revisions\/10229"}],"wp:attachment":[{"href":"https:\/\/fundacionroemmers.org.ar\/en\/wp-json\/wp\/v2\/media?parent=4617"}],"curies":[{"name":"wp","href":"https:\/\/api.w.org\/{rel}","templated":true}]}}